{"id":9530,"date":"2024-03-15T18:39:34","date_gmt":"2024-03-15T17:39:34","guid":{"rendered":"https:\/\/enfantsdumonde.be\/test\/\/\/\/\/\/\/\/\/?page_id=9530"},"modified":"2026-02-10T11:27:36","modified_gmt":"2026-02-10T10:27:36","slug":"royale","status":"publish","type":"page","link":"https:\/\/enfantsdumonde.be\/test\/notreasbl\/royale\/","title":{"rendered":"Association royale pour 50 ans de service"},"content":{"rendered":"\t\t<div data-elementor-type=\"wp-page\" data-elementor-id=\"9530\" class=\"elementor elementor-9530\">\n\t\t\t\t\t\t<section class=\"elementor-section elementor-top-section elementor-element elementor-element-793076c elementor-section-boxed elementor-section-height-default elementor-section-height-default\" data-id=\"793076c\" data-element_type=\"section\" data-e-type=\"section\">\n\t\t\t\t\t\t<div class=\"elementor-container elementor-column-gap-default\">\n\t\t\t\t\t<div class=\"elementor-column elementor-col-66 elementor-top-column elementor-element elementor-element-b944262\" data-id=\"b944262\" data-element_type=\"column\" data-e-type=\"column\">\n\t\t\t<div class=\"elementor-widget-wrap elementor-element-populated\">\n\t\t\t\t\t\t<div class=\"elementor-element elementor-element-bab4677 elementor-widget elementor-widget-text-editor\" data-id=\"bab4677\" data-element_type=\"widget\" data-e-type=\"widget\" data-widget_type=\"text-editor.default\">\n\t\t\t\t<div class=\"elementor-widget-container\">\n\t\t\t\t\t\t\t\t\t<p>C\u2019est avec une fiert\u00e9 toute l\u00e9gitime que nous avons re\u00e7u ce 12 mars 2024 le brevet officialisant l&rsquo;utilisation du titre \u00ab <strong>Soci\u00e9t\u00e9 Royale<\/strong> \u00bb\u00a0 lors d\u2019une r\u00e9ception se tenant dans le palais des Princes-Ev\u00eaques \u00e0 Li\u00e8ge.<\/p><p>Madame Catherine Delcourt, Commissaire d&rsquo;arrondissement nous a remis notre brevet et Monsieur le Gouverneur Herv\u00e9 Jamar nous a rejoints afin de nous f\u00e9liciter pour cette belle reconnaissance.<\/p><div id=\"ConnectiveDocSignExtentionInstalled\" data-extension-version=\"1.0.4\">\u00a0<\/div>\t\t\t\t\t\t\t\t<\/div>\n\t\t\t\t<\/div>\n\t\t\t\t\t<\/div>\n\t\t<\/div>\n\t\t\t\t<div class=\"elementor-column elementor-col-33 elementor-top-column elementor-element elementor-element-8996426\" data-id=\"8996426\" data-element_type=\"column\" data-e-type=\"column\">\n\t\t\t<div class=\"elementor-widget-wrap elementor-element-populated\">\n\t\t\t\t\t\t<div class=\"elementor-element elementor-element-f83f4d2 elementor-widget elementor-widget-image\" data-id=\"f83f4d2\" data-element_type=\"widget\" data-e-type=\"widget\" data-widget_type=\"image.default\">\n\t\t\t\t<div class=\"elementor-widget-container\">\n\t\t\t\t\t\t\t\t\t\t\t\t<figure class=\"wp-caption\">\n\t\t\t\t\t\t\t\t\t\t\t<a href=\"https:\/\/www.enfantsdumonde.be\/wp-content\/uploads\/2024\/03\/EDM-diplome-royal-scaled.jpg\" data-elementor-open-lightbox=\"yes\" data-elementor-lightbox-title=\"EDM brevet royal\" data-e-action-hash=\"#elementor-action%3Aaction%3Dlightbox%26settings%3DeyJpZCI6OTUzMywidXJsIjoiaHR0cHM6XC9cL2VuZmFudHNkdW1vbmRlLmJlXC90ZXN0XC93cC1jb250ZW50XC91cGxvYWRzXC8yMDI0XC8wM1wvRURNLWRpcGxvbWUtcm95YWwtc2NhbGVkX2x3c29wdGltaXplZC53ZWJwIn0%3D\">\n\t\t\t\t\t\t\t<img fetchpriority=\"high\" width=\"724\" height=\"1024\"  class=\"attachment-large size-large wp-image-9533 lws-optimize-lazyload\" alt=\"\" srcset=\"https:\/\/enfantsdumonde.be\/test\/wp-content\/uploads\/2024\/03\/EDM-diplome-royal-scaled_lwsoptimized-724x1024.webp 724w, https:\/\/enfantsdumonde.be\/test\/wp-content\/uploads\/2024\/03\/EDM-diplome-royal-scaled_lwsoptimized-212x300.webp 212w, https:\/\/enfantsdumonde.be\/test\/wp-content\/uploads\/2024\/03\/EDM-diplome-royal-scaled_lwsoptimized-768x1086.webp 768w, https:\/\/enfantsdumonde.be\/test\/wp-content\/uploads\/2024\/03\/EDM-diplome-royal-scaled_lwsoptimized-1086x1536.webp 1086w, https:\/\/enfantsdumonde.be\/test\/wp-content\/uploads\/2024\/03\/EDM-diplome-royal-scaled_lwsoptimized-1448x2048.webp 1448w, https:\/\/enfantsdumonde.be\/test\/wp-content\/uploads\/2024\/03\/EDM-diplome-royal-scaled_lwsoptimized-1320x1867.webp 1320w, https:\/\/enfantsdumonde.be\/test\/wp-content\/uploads\/2024\/03\/EDM-diplome-royal-scaled_lwsoptimized.webp 1810w\" sizes=\"(max-width: 724px) 100vw, 724px\" \/ data-src=\"https:\/\/enfantsdumonde.be\/test\/wp-content\/uploads\/2024\/03\/EDM-diplome-royal-scaled_lwsoptimized-724x1024.webp\">\t\t\t\t\t\t\t\t<\/a>\n\t\t\t\t\t\t\t\t\t\t\t<figcaption class=\"widget-image-caption wp-caption-text\">le brevet<\/figcaption>\n\t\t\t\t\t\t\t\t\t\t<\/figure>\n\t\t\t\t\t\t\t\t\t<\/div>\n\t\t\t\t<\/div>\n\t\t\t\t\t<\/div>\n\t\t<\/div>\n\t\t\t\t\t<\/div>\n\t\t<\/section>\n\t\t\t\t<section class=\"elementor-section elementor-top-section elementor-element elementor-element-0f80cdd elementor-section-boxed elementor-section-height-default elementor-section-height-default\" data-id=\"0f80cdd\" data-element_type=\"section\" data-e-type=\"section\">\n\t\t\t\t\t\t<div class=\"elementor-container elementor-column-gap-default\">\n\t\t\t\t\t<div class=\"elementor-column elementor-col-50 elementor-top-column elementor-element elementor-element-a91aa4f\" data-id=\"a91aa4f\" data-element_type=\"column\" data-e-type=\"column\">\n\t\t\t<div class=\"elementor-widget-wrap elementor-element-populated\">\n\t\t\t\t\t\t<div class=\"elementor-element elementor-element-16e79bb elementor-widget elementor-widget-image\" data-id=\"16e79bb\" data-element_type=\"widget\" data-e-type=\"widget\" data-widget_type=\"image.default\">\n\t\t\t\t<div class=\"elementor-widget-container\">\n\t\t\t\t\t\t\t\t\t\t\t\t\t\t\t\t<a href=\"https:\/\/www.enfantsdumonde.be\/wp-content\/uploads\/2024\/03\/remise-titre1-scaled.jpg\" data-elementor-open-lightbox=\"yes\" data-elementor-lightbox-title=\"remise titre royal\" data-e-action-hash=\"#elementor-action%3Aaction%3Dlightbox%26settings%3DeyJpZCI6OTUzNCwidXJsIjoiaHR0cHM6XC9cL2VuZmFudHNkdW1vbmRlLmJlXC90ZXN0XC93cC1jb250ZW50XC91cGxvYWRzXC8yMDI0XC8wM1wvcmVtaXNlLXRpdHJlMS1zY2FsZWRfbHdzb3B0aW1pemVkLndlYnAifQ%3D%3D\">\n\t\t\t\t\t\t\t<img width=\"1024\" height=\"683\"  class=\"attachment-large size-large wp-image-9534 lws-optimize-lazyload\" alt=\"\" srcset=\"https:\/\/enfantsdumonde.be\/test\/wp-content\/uploads\/2024\/03\/remise-titre1-scaled_lwsoptimized-1024x683.webp 1024w, https:\/\/enfantsdumonde.be\/test\/wp-content\/uploads\/2024\/03\/remise-titre1-scaled_lwsoptimized-300x200.webp 300w, https:\/\/enfantsdumonde.be\/test\/wp-content\/uploads\/2024\/03\/remise-titre1-scaled_lwsoptimized-768x512.webp 768w, https:\/\/enfantsdumonde.be\/test\/wp-content\/uploads\/2024\/03\/remise-titre1-scaled_lwsoptimized-1536x1024.webp 1536w, https:\/\/enfantsdumonde.be\/test\/wp-content\/uploads\/2024\/03\/remise-titre1-scaled_lwsoptimized-2048x1366.webp 2048w, https:\/\/enfantsdumonde.be\/test\/wp-content\/uploads\/2024\/03\/remise-titre1-scaled_lwsoptimized-1320x880.webp 1320w\" sizes=\"(max-width: 1024px) 100vw, 1024px\" \/ data-src=\"https:\/\/enfantsdumonde.be\/test\/wp-content\/uploads\/2024\/03\/remise-titre1-scaled_lwsoptimized-1024x683.webp\">\t\t\t\t\t\t\t\t<\/a>\n\t\t\t\t\t\t\t\t\t\t\t\t\t\t\t<\/div>\n\t\t\t\t<\/div>\n\t\t\t\t\t<\/div>\n\t\t<\/div>\n\t\t\t\t<div class=\"elementor-column elementor-col-50 elementor-top-column elementor-element elementor-element-c133a23\" data-id=\"c133a23\" data-element_type=\"column\" data-e-type=\"column\">\n\t\t\t<div class=\"elementor-widget-wrap elementor-element-populated\">\n\t\t\t\t\t\t<div class=\"elementor-element elementor-element-d03944c elementor-widget elementor-widget-text-editor\" data-id=\"d03944c\" data-element_type=\"widget\" data-e-type=\"widget\" data-widget_type=\"text-editor.default\">\n\t\t\t\t<div class=\"elementor-widget-container\">\n\t\t\t\t\t\t\t\t\t<p><strong>Sa Majest\u00e9 le Roi Philippe 1<sup>er\u00a0<\/sup><\/strong> nous a conf\u00e9r\u00e9 une distinction marquant plus de cinquante ann\u00e9es d&rsquo;existence et d&rsquo;engagement au service des enfants de pays en d\u00e9veloppement ! \u00a0Une belle \u00e9motion, car cette reconnaissance t\u00e9moignait de l&rsquo;importance et de la solidit\u00e9 de notre association, et soulignait son efficacit\u00e9 et le d\u00e9vouement de ses membres.<\/p><div id=\"ConnectiveDocSignExtentionInstalled\" data-extension-version=\"1.0.4\">\u00a0<\/div>\t\t\t\t\t\t\t\t<\/div>\n\t\t\t\t<\/div>\n\t\t\t\t\t<\/div>\n\t\t<\/div>\n\t\t\t\t\t<\/div>\n\t\t<\/section>\n\t\t\t\t<section class=\"elementor-section elementor-top-section elementor-element elementor-element-4a3e381 elementor-section-boxed elementor-section-height-default elementor-section-height-default\" data-id=\"4a3e381\" data-element_type=\"section\" data-e-type=\"section\">\n\t\t\t\t\t\t<div class=\"elementor-container elementor-column-gap-default\">\n\t\t\t\t\t<div class=\"elementor-column elementor-col-100 elementor-top-column elementor-element elementor-element-553862f\" data-id=\"553862f\" data-element_type=\"column\" data-e-type=\"column\">\n\t\t\t<div class=\"elementor-widget-wrap elementor-element-populated\">\n\t\t\t\t\t\t<div class=\"elementor-element elementor-element-efea767 elementor-widget elementor-widget-image\" data-id=\"efea767\" data-element_type=\"widget\" data-e-type=\"widget\" data-widget_type=\"image.default\">\n\t\t\t\t<div class=\"elementor-widget-container\">\n\t\t\t\t\t\t\t\t\t\t\t\t<figure class=\"wp-caption\">\n\t\t\t\t\t\t\t\t\t\t\t<a href=\"https:\/\/www.enfantsdumonde.be\/wp-content\/uploads\/2024\/03\/remise-titre-oa.jpg\" data-elementor-open-lightbox=\"yes\" data-elementor-lightbox-title=\"remise titre-oa\" data-e-action-hash=\"#elementor-action%3Aaction%3Dlightbox%26settings%3DeyJpZCI6OTUzMiwidXJsIjoiaHR0cHM6XC9cL2VuZmFudHNkdW1vbmRlLmJlXC90ZXN0XC93cC1jb250ZW50XC91cGxvYWRzXC8yMDI0XC8wM1wvcmVtaXNlLXRpdHJlLW9hX2x3c29wdGltaXplZC53ZWJwIn0%3D\">\n\t\t\t\t\t\t\t<img width=\"1024\" height=\"683\"  class=\"attachment-large size-large wp-image-9532 lws-optimize-lazyload\" alt=\"\" srcset=\"https:\/\/enfantsdumonde.be\/test\/wp-content\/uploads\/2024\/03\/remise-titre-oa_lwsoptimized.webp 1024w, https:\/\/enfantsdumonde.be\/test\/wp-content\/uploads\/2024\/03\/remise-titre-oa_lwsoptimized-300x200.webp 300w, https:\/\/enfantsdumonde.be\/test\/wp-content\/uploads\/2024\/03\/remise-titre-oa_lwsoptimized-768x512.webp 768w\" sizes=\"(max-width: 1024px) 100vw, 1024px\" \/ data-src=\"https:\/\/enfantsdumonde.be\/test\/wp-content\/uploads\/2024\/03\/remise-titre-oa_lwsoptimized.webp\">\t\t\t\t\t\t\t\t<\/a>\n\t\t\t\t\t\t\t\t\t\t\t<figcaption class=\"widget-image-caption wp-caption-text\">Madame Catherine Delcourt et les membres de l'organe d'administration, avec Charles Flohimont, notre ancien pr\u00e9sident <\/figcaption>\n\t\t\t\t\t\t\t\t\t\t<\/figure>\n\t\t\t\t\t\t\t\t\t<\/div>\n\t\t\t\t<\/div>\n\t\t\t\t\t<\/div>\n\t\t<\/div>\n\t\t\t\t\t<\/div>\n\t\t<\/section>\n\t\t\t\t<section class=\"elementor-section elementor-top-section elementor-element elementor-element-ae704c4 elementor-section-boxed elementor-section-height-default elementor-section-height-default\" data-id=\"ae704c4\" data-element_type=\"section\" data-e-type=\"section\">\n\t\t\t\t\t\t<div class=\"elementor-container elementor-column-gap-default\">\n\t\t\t\t\t<div class=\"elementor-column elementor-col-100 elementor-top-column elementor-element elementor-element-0c4dafb\" data-id=\"0c4dafb\" data-element_type=\"column\" data-e-type=\"column\">\n\t\t\t<div class=\"elementor-widget-wrap elementor-element-populated\">\n\t\t\t\t\t\t<div class=\"elementor-element elementor-element-9830e6a elementor-widget elementor-widget-text-editor\" data-id=\"9830e6a\" data-element_type=\"widget\" data-e-type=\"widget\" data-widget_type=\"text-editor.default\">\n\t\t\t\t<div class=\"elementor-widget-container\">\n\t\t\t\t\t\t\t\t\t<p>\u00c0 titre d\u2019info, bien que cette distinction conf\u00e8re une l\u00e9gitimit\u00e9 suppl\u00e9mentaire, elle n&rsquo;accorde aucun privil\u00e8ge particulier. Les ASBL royales sont des associations comme les autres, sans obligations ou contraintes sp\u00e9cifiques. Elles ne b\u00e9n\u00e9ficient pas de passe-droits en mati\u00e8re de subventions, par exemple.<\/p><p>L&rsquo;obtention du titre \u00ab\u00a0Royal\u00a0\u00bb est le r\u00e9sultat d&rsquo;une proc\u00e9dure de s\u00e9lection rigoureuse, qui exige la soumission de documents tels que les statuts de l&rsquo;ASBL, le budget et le rapport moral des cinq derni\u00e8res ann\u00e9es, le projet d&rsquo;avenir, et d&rsquo;autres \u00e9l\u00e9ments d\u00e9montrant la bonne gestion et la poursuite d&rsquo;objectifs d\u00e9sint\u00e9ress\u00e9s par l&rsquo;association.<\/p><p>Il n\u2019est possible d\u2019utiliser le titre \u00ab\u00a0Royal\u00a0\u00bb qu&rsquo;apr\u00e8s avoir suivi tout ce processus, depuis la constitution du dossier complet, jusqu\u2019\u00e0 l\u2019analyse et la d\u00e9cision prise par le Palais Royal et le Roi.<\/p><div id=\"ConnectiveDocSignExtentionInstalled\" data-extension-version=\"1.0.4\">\u00a0<\/div>\t\t\t\t\t\t\t\t<\/div>\n\t\t\t\t<\/div>\n\t\t\t\t\t<\/div>\n\t\t<\/div>\n\t\t\t\t\t<\/div>\n\t\t<\/section>\n\t\t\t\t<section class=\"elementor-section elementor-top-section elementor-element elementor-element-8457585 elementor-section-boxed elementor-section-height-default elementor-section-height-default\" data-id=\"8457585\" data-element_type=\"section\" data-e-type=\"section\">\n\t\t\t\t\t\t<div class=\"elementor-container elementor-column-gap-default\">\n\t\t\t\t\t<div class=\"elementor-column elementor-col-100 elementor-top-column elementor-element elementor-element-1733d99\" data-id=\"1733d99\" data-element_type=\"column\" data-e-type=\"column\">\n\t\t\t<div class=\"elementor-widget-wrap elementor-element-populated\">\n\t\t\t\t\t\t<div class=\"elementor-element elementor-element-b9f1113 elementor-widget elementor-widget-text-editor\" data-id=\"b9f1113\" data-element_type=\"widget\" data-e-type=\"widget\" data-widget_type=\"text-editor.default\">\n\t\t\t\t<div class=\"elementor-widget-container\">\n\t\t\t\t\t\t\t\t\t<p>Cette distinction, que nous a octroy\u00e9e sa Majest\u00e9 le Roi, nous comble de joie et nous aidera \u00e0 continuer \u00e0 \u0153uvrer avec passion et d\u00e9termination pour les enfants des pays en d\u00e9veloppement, renfor\u00e7ant ainsi la l\u00e9gitimit\u00e9 et l&rsquo;impact de notre association\u2026 qui, nous l\u2019esp\u00e9rons, pourra un jour f\u00eater son centenaire\u00a0!<\/p><div id=\"ConnectiveDocSignExtentionInstalled\" data-extension-version=\"1.0.4\">\u00a0<\/div>\t\t\t\t\t\t\t\t<\/div>\n\t\t\t\t<\/div>\n\t\t\t\t\t<\/div>\n\t\t<\/div>\n\t\t\t\t\t<\/div>\n\t\t<\/section>\n\t\t\t\t<\/div>\n\t\t","protected":false},"excerpt":{"rendered":"<p>C\u2019est avec une fiert\u00e9 toute l\u00e9gitime que nous avons re\u00e7u ce 12 mars 2024 le brevet officialisant l&rsquo;utilisation du titre \u00ab Soci\u00e9t\u00e9 Royale \u00bb\u00a0 lors d\u2019une r\u00e9ception se tenant dans le palais des Princes-Ev\u00eaques \u00e0 Li\u00e8ge. Madame Catherine Delcourt, Commissaire d&rsquo;arrondissement nous a remis notre brevet et Monsieur le Gouverneur Herv\u00e9 Jamar nous a rejoints [&hellip;]<\/p>\n","protected":false},"author":5,"featured_media":0,"parent":556,"menu_order":0,"comment_status":"closed","ping_status":"closed","template":"","meta":{"ocean_post_layout":"","ocean_both_sidebars_style":"","ocean_both_sidebars_content_width":0,"ocean_both_sidebars_sidebars_width":0,"ocean_sidebar":"","ocean_second_sidebar":"","ocean_disable_margins":"enable","ocean_add_body_class":"","ocean_shortcode_before_top_bar":"","ocean_shortcode_after_top_bar":"","ocean_shortcode_before_header":"","ocean_shortcode_after_header":"","ocean_has_shortcode":"","ocean_shortcode_after_title":"","ocean_shortcode_before_footer_widgets":"","ocean_shortcode_after_footer_widgets":"","ocean_shortcode_before_footer_bottom":"","ocean_shortcode_after_footer_bottom":"","ocean_display_top_bar":"default","ocean_display_header":"default","ocean_header_style":"","ocean_center_header_left_menu":"","ocean_custom_header_template":"","ocean_custom_logo":0,"ocean_custom_retina_logo":0,"ocean_custom_logo_max_width":0,"ocean_custom_logo_tablet_max_width":0,"ocean_custom_logo_mobile_max_width":0,"ocean_custom_logo_max_height":0,"ocean_custom_logo_tablet_max_height":0,"ocean_custom_logo_mobile_max_height":0,"ocean_header_custom_menu":"","ocean_menu_typo_font_family":"","ocean_menu_typo_font_subset":"","ocean_menu_typo_font_size":0,"ocean_menu_typo_font_size_tablet":0,"ocean_menu_typo_font_size_mobile":0,"ocean_menu_typo_font_size_unit":"px","ocean_menu_typo_font_weight":"","ocean_menu_typo_font_weight_tablet":"","ocean_menu_typo_font_weight_mobile":"","ocean_menu_typo_transform":"","ocean_menu_typo_transform_tablet":"","ocean_menu_typo_transform_mobile":"","ocean_menu_typo_line_height":0,"ocean_menu_typo_line_height_tablet":0,"ocean_menu_typo_line_height_mobile":0,"ocean_menu_typo_line_height_unit":"","ocean_menu_typo_spacing":0,"ocean_menu_typo_spacing_tablet":0,"ocean_menu_typo_spacing_mobile":0,"ocean_menu_typo_spacing_unit":"","ocean_menu_link_color":"","ocean_menu_link_color_hover":"","ocean_menu_link_color_active":"","ocean_menu_link_background":"","ocean_menu_link_hover_background":"","ocean_menu_link_active_background":"","ocean_menu_social_links_bg":"","ocean_menu_social_hover_links_bg":"","ocean_menu_social_links_color":"","ocean_menu_social_hover_links_color":"","ocean_disable_title":"default","ocean_disable_heading":"default","ocean_post_title":"","ocean_post_subheading":"","ocean_post_title_style":"","ocean_post_title_background_color":"","ocean_post_title_background":0,"ocean_post_title_bg_image_position":"","ocean_post_title_bg_image_attachment":"","ocean_post_title_bg_image_repeat":"","ocean_post_title_bg_image_size":"","ocean_post_title_height":0,"ocean_post_title_bg_overlay":0.5,"ocean_post_title_bg_overlay_color":"","ocean_disable_breadcrumbs":"default","ocean_breadcrumbs_color":"","ocean_breadcrumbs_separator_color":"","ocean_breadcrumbs_links_color":"","ocean_breadcrumbs_links_hover_color":"","ocean_display_footer_widgets":"default","ocean_display_footer_bottom":"default","ocean_custom_footer_template":"","_mc_calendar":[],"footnotes":""},"class_list":["post-9530","page","type-page","status-publish","hentry","entry"],"aioseo_notices":[],"_links":{"self":[{"href":"https:\/\/enfantsdumonde.be\/test\/wp-json\/wp\/v2\/pages\/9530","targetHints":{"allow":["GET"]}}],"collection":[{"href":"https:\/\/enfantsdumonde.be\/test\/wp-json\/wp\/v2\/pages"}],"about":[{"href":"https:\/\/enfantsdumonde.be\/test\/wp-json\/wp\/v2\/types\/page"}],"author":[{"embeddable":true,"href":"https:\/\/enfantsdumonde.be\/test\/wp-json\/wp\/v2\/users\/5"}],"replies":[{"embeddable":true,"href":"https:\/\/enfantsdumonde.be\/test\/wp-json\/wp\/v2\/comments?post=9530"}],"version-history":[{"count":5,"href":"https:\/\/enfantsdumonde.be\/test\/wp-json\/wp\/v2\/pages\/9530\/revisions"}],"predecessor-version":[{"id":12017,"href":"https:\/\/enfantsdumonde.be\/test\/wp-json\/wp\/v2\/pages\/9530\/revisions\/12017"}],"up":[{"embeddable":true,"href":"https:\/\/enfantsdumonde.be\/test\/wp-json\/wp\/v2\/pages\/556"}],"wp:attachment":[{"href":"https:\/\/enfantsdumonde.be\/test\/wp-json\/wp\/v2\/media?parent=9530"}],"curies":[{"name":"wp","href":"https:\/\/api.w.org\/{rel}","templated":true}]}}