{"id":9,"date":"2021-03-09T15:32:39","date_gmt":"2021-03-09T14:32:39","guid":{"rendered":"http:\/\/localhost\/enfantsdumonde\/?page_id=9"},"modified":"2026-04-27T15:22:13","modified_gmt":"2026-04-27T13:22:13","slug":"equipe","status":"publish","type":"page","link":"https:\/\/enfantsdumonde.be\/test\/equipe\/","title":{"rendered":"Notre \u00e9quipe"},"content":{"rendered":"\t\t<div data-elementor-type=\"wp-page\" data-elementor-id=\"9\" class=\"elementor elementor-9\">\n\t\t\t\t\t\t<section class=\"elementor-section elementor-top-section elementor-element elementor-element-d4cb2c4 elementor-section-boxed elementor-section-height-default elementor-section-height-default\" data-id=\"d4cb2c4\" data-element_type=\"section\" data-e-type=\"section\">\n\t\t\t\t\t\t<div class=\"elementor-container elementor-column-gap-default\">\n\t\t\t\t\t<div class=\"elementor-column elementor-col-100 elementor-top-column elementor-element elementor-element-e28646a\" data-id=\"e28646a\" data-element_type=\"column\" data-e-type=\"column\">\n\t\t\t<div class=\"elementor-widget-wrap\">\n\t\t\t\t\t\t\t<\/div>\n\t\t<\/div>\n\t\t\t\t\t<\/div>\n\t\t<\/section>\n\t\t\t\t<section class=\"elementor-section elementor-top-section elementor-element elementor-element-8f798d0 elementor-section-boxed elementor-section-height-default elementor-section-height-default\" data-id=\"8f798d0\" data-element_type=\"section\" data-e-type=\"section\">\n\t\t\t\t\t\t<div class=\"elementor-container elementor-column-gap-default\">\n\t\t\t\t\t<div class=\"elementor-column elementor-col-100 elementor-top-column elementor-element elementor-element-2084319\" data-id=\"2084319\" data-element_type=\"column\" data-e-type=\"column\">\n\t\t\t<div class=\"elementor-widget-wrap elementor-element-populated\">\n\t\t\t\t\t\t<div class=\"elementor-element elementor-element-f988908 elementor-widget elementor-widget-text-editor\" data-id=\"f988908\" data-element_type=\"widget\" data-e-type=\"widget\" data-widget_type=\"text-editor.default\">\n\t\t\t\t<div class=\"elementor-widget-container\">\n\t\t\t\t\t\t\t\t\t<section class=\"elementor-section elementor-top-section elementor-element elementor-element-d4cb2c4 elementor-section-boxed elementor-section-height-default elementor-section-height-default\" data-id=\"d4cb2c4\" data-element_type=\"section\" data-e-type=\"section\"><div class=\"elementor-container elementor-column-gap-default\"><div class=\"elementor-column elementor-col-100 elementor-top-column elementor-element elementor-element-e28646a\" data-id=\"e28646a\" data-element_type=\"column\" data-e-type=\"column\"><div class=\"elementor-widget-wrap elementor-element-populated\"><div class=\"elementor-element elementor-element-e7b0837 elementor-widget elementor-widget-text-editor\" data-id=\"e7b0837\" data-element_type=\"widget\" data-e-type=\"widget\" data-widget_type=\"text-editor.default\"><div class=\"elementor-widget-container\"><p>L\u2019association est dirig\u00e9e par un <strong>organe d\u2019administration<\/strong> <strong>(OA)<\/strong> de minimum 3 personnes \u00e9lues tous les quatre ans par l\u2019assembl\u00e9e g\u00e9n\u00e9rale.<\/p><p>Seuls les membres qui ont \u00e9t\u00e9 accept\u00e9s par l\u2019OA et qui sont en r\u00e8gle de cotisation sont convoqu\u00e9s \u00e0 l\u2019AG annuelle et ont le droit de vote.<\/p><p>L\u2019OA se r\u00e9unit une fois par mois, sauf en ao\u00fbt.<\/p><p><strong>Tous les membres d\u2019EDM sont des b\u00e9n\u00e9voles.<\/strong><\/p><\/div><\/div><\/div><\/div><\/div><\/section><div id=\"ConnectiveDocSignExtentionInstalled\" data-extension-version=\"1.0.4\">\u00a0<\/div>\t\t\t\t\t\t\t\t<\/div>\n\t\t\t\t<\/div>\n\t\t\t\t\t<\/div>\n\t\t<\/div>\n\t\t\t\t\t<\/div>\n\t\t<\/section>\n\t\t\t\t<section class=\"elementor-section elementor-top-section elementor-element elementor-element-8e1bb1a elementor-section-boxed elementor-section-height-default elementor-section-height-default\" data-id=\"8e1bb1a\" data-element_type=\"section\" data-e-type=\"section\">\n\t\t\t\t\t\t<div class=\"elementor-container elementor-column-gap-default\">\n\t\t\t\t\t<div class=\"elementor-column elementor-col-100 elementor-top-column elementor-element elementor-element-ba0bfd9\" data-id=\"ba0bfd9\" data-element_type=\"column\" data-e-type=\"column\">\n\t\t\t<div class=\"elementor-widget-wrap elementor-element-populated\">\n\t\t\t\t\t\t<div class=\"elementor-element elementor-element-580d0a3 elementor-widget elementor-widget-image\" data-id=\"580d0a3\" data-element_type=\"widget\" data-e-type=\"widget\" data-widget_type=\"image.default\">\n\t\t\t\t<div class=\"elementor-widget-container\">\n\t\t\t\t\t\t\t\t\t\t\t\t\t\t\t<img fetchpriority=\"high\" width=\"1024\" height=\"576\"  class=\"attachment-large size-large wp-image-13218 lws-optimize-lazyload\" alt=\"\" \/ data-src=\"https:\/\/enfantsdumonde.be\/test\/wp-content\/uploads\/2026\/04\/OA-2026-1200jpg.avif\">\t\t\t\t\t\t\t\t\t\t\t\t\t\t\t<\/div>\n\t\t\t\t<\/div>\n\t\t\t\t\t<\/div>\n\t\t<\/div>\n\t\t\t\t\t<\/div>\n\t\t<\/section>\n\t\t\t\t<section class=\"elementor-section elementor-top-section elementor-element elementor-element-b1e3cd2 elementor-section-boxed elementor-section-height-default elementor-section-height-default\" data-id=\"b1e3cd2\" data-element_type=\"section\" data-e-type=\"section\">\n\t\t\t\t\t\t<div class=\"elementor-container elementor-column-gap-default\">\n\t\t\t\t\t<div class=\"elementor-column elementor-col-100 elementor-top-column elementor-element elementor-element-dc94426\" data-id=\"dc94426\" data-element_type=\"column\" data-e-type=\"column\">\n\t\t\t<div class=\"elementor-widget-wrap elementor-element-populated\">\n\t\t\t\t\t\t<div class=\"elementor-element elementor-element-d9d43ef elementor-widget elementor-widget-text-editor\" data-id=\"d9d43ef\" data-element_type=\"widget\" data-e-type=\"widget\" data-widget_type=\"text-editor.default\">\n\t\t\t\t<div class=\"elementor-widget-container\">\n\t\t\t\t\t\t\t\t\t<h2><strong><span style=\"font-size: 18pt;\">L&rsquo;organe d&rsquo;administration (OA) &#8211; avril 2026<\/span><\/strong><\/h2><p>se compose de (g \u00e0 dr.)<\/p><p>Luc Tonon \u2013 vice-pr\u00e9sident &#8211;\u00a0<a href=\"mailto:president@enfantsdumonde.be\">president@enfantsdumonde.be<\/a><\/p><p>Catherine Lebeau \u2013 pr\u00e9sidente &#8211;\u00a0<a href=\"mailto:president@enfantsdumonde.be\">president@enfantsdumonde.be<\/a><\/p><p>Francis Demoulin \u2013 comptable &#8211; <a href=\"mailto:tresorier@enfantsdumonde.be\">tresorier@enfantsdumonde.be<\/a><\/p><p>Brigitte Chanteux \u2013 projets d\u00e9veloppement &#8211;\u00a0<a href=\"mailto:projets@enfantsdumonde.be\">projets@enfantsdumonde.be<\/a><\/p><p>Thomas Sauvage \u2013 bourses d\u2019\u00e9tudes &#8211; <a href=\"mailto:parrainages@enfantsdumonde.be\">parrainages@enfantsdumonde.be<\/a><\/p><p>Philippe Ellens \u2013 secr\u00e9taire &#8211;\u00a0<a href=\"mailto:secretaire@enfantsdumonde.be\">secretaire@enfantsdumonde.be<\/a><\/p><p>Mich\u00e8le Willem \u2013 secr\u00e9taire adjoint &#8211;\u00a0<a href=\"mailto:secretaire@enfantsdumonde.be\">secretaire@enfantsdumonde.be<\/a><\/p>\t\t\t\t\t\t\t\t<\/div>\n\t\t\t\t<\/div>\n\t\t\t\t\t<\/div>\n\t\t<\/div>\n\t\t\t\t\t<\/div>\n\t\t<\/section>\n\t\t\t\t<section class=\"elementor-section elementor-top-section elementor-element elementor-element-18b079e elementor-section-boxed elementor-section-height-default elementor-section-height-default\" data-id=\"18b079e\" data-element_type=\"section\" data-e-type=\"section\">\n\t\t\t\t\t\t<div class=\"elementor-container elementor-column-gap-default\">\n\t\t\t\t\t<div class=\"elementor-column elementor-col-100 elementor-top-column elementor-element elementor-element-1dd3f00\" data-id=\"1dd3f00\" data-element_type=\"column\" data-e-type=\"column\">\n\t\t\t<div class=\"elementor-widget-wrap elementor-element-populated\">\n\t\t\t\t\t\t<div class=\"elementor-element elementor-element-faf56d2 elementor-widget elementor-widget-text-editor\" data-id=\"faf56d2\" data-element_type=\"widget\" data-e-type=\"widget\" data-widget_type=\"text-editor.default\">\n\t\t\t\t<div class=\"elementor-widget-container\">\n\t\t\t\t\t\t\t\t\t<h2><strong><span style=\"font-size: 18pt;\">Les b\u00e9n\u00e9voles<\/span><\/strong><\/h2><p>N&rsquo;oublions pas tous nos membres \u00e0 travers la Belgique qui s\u2019activent pour Enfants du Monde. Nous avons de nombreux responsables de <strong>\u00ab\u00a0maisons\u00a0\u00bb et\/ou de projets<\/strong>.<\/p><p>L\u2019histoire d\u2019Enfants du Monde a commenc\u00e9 il y a plus de 50 ans avec des adoptions aupr\u00e8s d\u2019orphelinats, pour la plupart organis\u00e9s en \u00ab\u00a0maisons\u00a0\u00bb, g\u00e9r\u00e9es par des institutions religieuses.<\/p><p>Ce terme de <strong>\u00a0\u00ab\u00a0MAISON\u00a0\u00bb a subsist\u00e9 et recouvre \u00e0 pr\u00e9sent une institution, une association, ou encore une administration communale avec laquelle nous entretenons des relations de confiance<\/strong>. C\u2019est le cas, par exemple, au Burkina-Faso, Mali, Togo, avec le Pache Trust en Inde, le centre Pope en Inde, en Tha\u00eflande\u2026<\/p><div id=\"ConnectiveDocSignExtentionInstalled\" data-extension-version=\"1.0.4\">\u00a0<\/div>\t\t\t\t\t\t\t\t<\/div>\n\t\t\t\t<\/div>\n\t\t\t\t\t<\/div>\n\t\t<\/div>\n\t\t\t\t\t<\/div>\n\t\t<\/section>\n\t\t\t\t<section class=\"elementor-section elementor-top-section elementor-element elementor-element-4e6876d elementor-section-boxed elementor-section-height-default elementor-section-height-default\" data-id=\"4e6876d\" data-element_type=\"section\" data-e-type=\"section\">\n\t\t\t\t\t\t<div class=\"elementor-container elementor-column-gap-default\">\n\t\t\t\t\t<div class=\"elementor-column elementor-col-100 elementor-top-column elementor-element elementor-element-724b070\" data-id=\"724b070\" data-element_type=\"column\" data-e-type=\"column\">\n\t\t\t<div class=\"elementor-widget-wrap elementor-element-populated\">\n\t\t\t\t\t\t<div class=\"elementor-element elementor-element-06c04dd elementor-widget elementor-widget-image\" data-id=\"06c04dd\" data-element_type=\"widget\" data-e-type=\"widget\" data-widget_type=\"image.default\">\n\t\t\t\t<div class=\"elementor-widget-container\">\n\t\t\t\t\t\t\t\t\t\t\t\t\t\t\t<img width=\"1024\" height=\"512\"  class=\"attachment-large size-large wp-image-13286 lws-optimize-lazyload\" alt=\"\" \/ data-src=\"https:\/\/enfantsdumonde.be\/test\/wp-content\/uploads\/2026\/04\/EDM-AG-2026-membres.avif\">\t\t\t\t\t\t\t\t\t\t\t\t\t\t\t<\/div>\n\t\t\t\t<\/div>\n\t\t\t\t\t<\/div>\n\t\t<\/div>\n\t\t\t\t\t<\/div>\n\t\t<\/section>\n\t\t\t\t<section class=\"elementor-section elementor-top-section elementor-element elementor-element-8a598e4 elementor-section-boxed elementor-section-height-default elementor-section-height-default\" data-id=\"8a598e4\" data-element_type=\"section\" data-e-type=\"section\">\n\t\t\t\t\t\t<div class=\"elementor-container elementor-column-gap-default\">\n\t\t\t\t\t<div class=\"elementor-column elementor-col-100 elementor-top-column elementor-element elementor-element-bc26562\" data-id=\"bc26562\" data-element_type=\"column\" data-e-type=\"column\">\n\t\t\t<div class=\"elementor-widget-wrap elementor-element-populated\">\n\t\t\t\t\t\t<div class=\"elementor-element elementor-element-7088396 elementor-widget elementor-widget-heading\" data-id=\"7088396\" data-element_type=\"widget\" data-e-type=\"widget\" data-widget_type=\"heading.default\">\n\t\t\t\t<div class=\"elementor-widget-container\">\n\t\t\t\t\t<h2 class=\"elementor-heading-title elementor-size-default\">Responsables de maison<\/h2>\t\t\t\t<\/div>\n\t\t\t\t<\/div>\n\t\t\t\t\t<\/div>\n\t\t<\/div>\n\t\t\t\t\t<\/div>\n\t\t<\/section>\n\t\t\t\t<section class=\"elementor-section elementor-top-section elementor-element elementor-element-2592753 elementor-section-boxed elementor-section-height-default elementor-section-height-default\" data-id=\"2592753\" data-element_type=\"section\" data-e-type=\"section\">\n\t\t\t\t\t\t<div class=\"elementor-container elementor-column-gap-default\">\n\t\t\t\t\t<div class=\"elementor-column elementor-col-100 elementor-top-column elementor-element elementor-element-e296538\" data-id=\"e296538\" data-element_type=\"column\" data-e-type=\"column\">\n\t\t\t<div class=\"elementor-widget-wrap elementor-element-populated\">\n\t\t\t\t\t\t<div class=\"elementor-element elementor-element-3d37aee elementor-widget elementor-widget-text-editor\" data-id=\"3d37aee\" data-element_type=\"widget\" data-e-type=\"widget\" data-widget_type=\"text-editor.default\">\n\t\t\t\t<div class=\"elementor-widget-container\">\n\t\t\t\t\t\t\t\t\t<p>Nous y avons un responsable b\u00e9n\u00e9vole qui s\u2019occupe sur place des enfants soutenus ou des projets mis en \u0153uvre. Nous avons en outre en Belgique un responsable b\u00e9n\u00e9vole qui s\u2019occupe plus particuli\u00e8rement de la \u00ab maison \u00bb en question. Ce lien ne peut exister que parce que les responsables, ici et l\u00e0-bas, entretiennent r\u00e9guli\u00e8rement des relations et communiquent.<\/p><div id=\"ConnectiveDocSignExtentionInstalled\" data-extension-version=\"1.0.4\">\u00a0<\/div>\t\t\t\t\t\t\t\t<\/div>\n\t\t\t\t<\/div>\n\t\t\t\t\t<\/div>\n\t\t<\/div>\n\t\t\t\t\t<\/div>\n\t\t<\/section>\n\t\t\t\t<section class=\"elementor-section elementor-top-section elementor-element elementor-element-504aedf elementor-section-boxed elementor-section-height-default elementor-section-height-default\" data-id=\"504aedf\" data-element_type=\"section\" data-e-type=\"section\">\n\t\t\t\t\t\t<div class=\"elementor-container elementor-column-gap-default\">\n\t\t\t\t\t<div class=\"elementor-column elementor-col-100 elementor-top-column elementor-element elementor-element-5b04f48\" data-id=\"5b04f48\" data-element_type=\"column\" data-e-type=\"column\">\n\t\t\t<div class=\"elementor-widget-wrap elementor-element-populated\">\n\t\t\t\t\t\t<div class=\"elementor-element elementor-element-e448966 elementor-widget elementor-widget-text-editor\" data-id=\"e448966\" data-element_type=\"widget\" data-e-type=\"widget\" data-widget_type=\"text-editor.default\">\n\t\t\t\t<div class=\"elementor-widget-container\">\n\t\t\t\t\t\t\t\t\t<p>De plus, nous avons la chance de vivre dans un monde o\u00f9 Internet (WhatsApp) facilite grandement les contacts et nos responsables ne s\u2019en privent pas ! Si vous souhaitez prendre plus particuli\u00e8rement contact avec des responsables de maisons et\/ou de projets, il vous suffit pour les contacter, de vous rendre sur le site dans la\u00a0 \u00ab\u00a0maison\u00a0\u00bb souhait\u00e9e, en allant d\u2019abord dans le pays souhait\u00e9 ou encore en tapant le nom de la \u00ab\u00a0maison\u00a0\u00bb dans le champ \u00ab Recherche\u00bb (<em>la loupe, en haut \u00e0 droite de la page<\/em>).<\/p><div id=\"ConnectiveDocSignExtentionInstalled\" data-extension-version=\"1.0.4\">\u00a0<\/div>\t\t\t\t\t\t\t\t<\/div>\n\t\t\t\t<\/div>\n\t\t\t\t\t<\/div>\n\t\t<\/div>\n\t\t\t\t\t<\/div>\n\t\t<\/section>\n\t\t\t\t<section class=\"elementor-section elementor-top-section elementor-element elementor-element-f7b5189 elementor-section-boxed elementor-section-height-default elementor-section-height-default\" data-id=\"f7b5189\" data-element_type=\"section\" data-e-type=\"section\">\n\t\t\t\t\t\t<div class=\"elementor-container elementor-column-gap-default\">\n\t\t\t\t\t<div class=\"elementor-column elementor-col-100 elementor-top-column elementor-element elementor-element-8413455\" data-id=\"8413455\" data-element_type=\"column\" data-e-type=\"column\">\n\t\t\t<div class=\"elementor-widget-wrap elementor-element-populated\">\n\t\t\t\t\t\t<div class=\"elementor-element elementor-element-66241e4 elementor-widget elementor-widget-heading\" data-id=\"66241e4\" data-element_type=\"widget\" data-e-type=\"widget\" data-widget_type=\"heading.default\">\n\t\t\t\t<div class=\"elementor-widget-container\">\n\t\t\t\t\t<h2 class=\"elementor-heading-title elementor-size-default\">Aide vari\u00e9e<\/h2>\t\t\t\t<\/div>\n\t\t\t\t<\/div>\n\t\t\t\t\t<\/div>\n\t\t<\/div>\n\t\t\t\t\t<\/div>\n\t\t<\/section>\n\t\t\t\t<section class=\"elementor-section elementor-top-section elementor-element elementor-element-2be2acb elementor-section-boxed elementor-section-height-default elementor-section-height-default\" data-id=\"2be2acb\" data-element_type=\"section\" data-e-type=\"section\">\n\t\t\t\t\t\t<div class=\"elementor-container elementor-column-gap-default\">\n\t\t\t\t\t<div class=\"elementor-column elementor-col-100 elementor-top-column elementor-element elementor-element-4bf950a\" data-id=\"4bf950a\" data-element_type=\"column\" data-e-type=\"column\">\n\t\t\t<div class=\"elementor-widget-wrap elementor-element-populated\">\n\t\t\t\t\t\t<div class=\"elementor-element elementor-element-602c51b elementor-widget elementor-widget-text-editor\" data-id=\"602c51b\" data-element_type=\"widget\" data-e-type=\"widget\" data-widget_type=\"text-editor.default\">\n\t\t\t\t<div class=\"elementor-widget-container\">\n\t\t\t\t\t\t\t\t\t<p>D\u2019autres b\u00e9n\u00e9voles travaillent \u00e0 notre site Web, \u00e0 notre Journal, \u00e0 la comptabilit\u00e9, \u00e0 l\u2019organisation de manifestations, comme la f\u00eate d\u2019automne annuelle, ainsi qu&rsquo;\u00e0 nos deux rencontres annuelles entre responsables.<\/p><p>N\u00e9e de l\u2019adoption, Enfants du Monde &#8211; Belgique regroupe \u00e0 pr\u00e9sent parmi ses b\u00e9n\u00e9voles, jusqu\u2019au sein de l&rsquo;organe d\u2019administration, des enfants issus de l\u2019adoption\u2026 T\u00e9moignage \u00e9loquent \u00e0 la fois d\u2019un renouvellement et d\u2019une continuit\u00e9 dans l\u2019action.<\/p><div id=\"ConnectiveDocSignExtentionInstalled\" data-extension-version=\"1.0.4\">\u00a0<\/div>\t\t\t\t\t\t\t\t<\/div>\n\t\t\t\t<\/div>\n\t\t\t\t\t<\/div>\n\t\t<\/div>\n\t\t\t\t\t<\/div>\n\t\t<\/section>\n\t\t\t\t<section class=\"elementor-section elementor-top-section elementor-element elementor-element-00fd079 elementor-section-boxed elementor-section-height-default elementor-section-height-default\" data-id=\"00fd079\" data-element_type=\"section\" data-e-type=\"section\">\n\t\t\t\t\t\t<div class=\"elementor-container elementor-column-gap-default\">\n\t\t\t\t\t<div class=\"elementor-column elementor-col-100 elementor-top-column elementor-element elementor-element-b7083e3\" data-id=\"b7083e3\" data-element_type=\"column\" data-e-type=\"column\">\n\t\t\t<div class=\"elementor-widget-wrap elementor-element-populated\">\n\t\t\t\t\t\t<div class=\"elementor-element elementor-element-a3f445f elementor-widget elementor-widget-text-editor\" data-id=\"a3f445f\" data-element_type=\"widget\" data-e-type=\"widget\" data-widget_type=\"text-editor.default\">\n\t\t\t\t<div class=\"elementor-widget-container\">\n\t\t\t\t\t\t\t\t\t<p>Merci \u00e0 toutes celles et \u00e0 tous ceux, qui, de pr\u00e8s ou de loin, viennent en aide \u00e0 Enfants du Monde !<\/p><p>Vous souhaitez nous contacter\u00a0? Envoyez un mail \u00e0 <a href=\"mailto:info@enfantsdumonde.be\">info@enfantsdumonde.be<\/a>\u00a0!<\/p><div id=\"ConnectiveDocSignExtentionInstalled\" data-extension-version=\"1.0.4\">\u00a0<\/div>\t\t\t\t\t\t\t\t<\/div>\n\t\t\t\t<\/div>\n\t\t\t\t\t<\/div>\n\t\t<\/div>\n\t\t\t\t\t<\/div>\n\t\t<\/section>\n\t\t\t\t<\/div>\n\t\t","protected":false},"excerpt":{"rendered":"<p>L\u2019association est dirig\u00e9e par un organe d\u2019administration (OA) de minimum 3 personnes \u00e9lues tous les quatre ans par l\u2019assembl\u00e9e g\u00e9n\u00e9rale. Seuls les membres qui ont \u00e9t\u00e9 accept\u00e9s par l\u2019OA et qui sont en r\u00e8gle de cotisation sont convoqu\u00e9s \u00e0 l\u2019AG annuelle et ont le droit de vote. L\u2019OA se r\u00e9unit une fois par mois, sauf [&hellip;]<\/p>\n","protected":false},"author":5,"featured_media":0,"parent":0,"menu_order":0,"comment_status":"closed","ping_status":"closed","template":"","meta":{"ocean_post_layout":"","ocean_both_sidebars_style":"","ocean_both_sidebars_content_width":0,"ocean_both_sidebars_sidebars_width":0,"ocean_sidebar":"","ocean_second_sidebar":"","ocean_disable_margins":"enable","ocean_add_body_class":"","ocean_shortcode_before_top_bar":"","ocean_shortcode_after_top_bar":"","ocean_shortcode_before_header":"","ocean_shortcode_after_header":"","ocean_has_shortcode":"","ocean_shortcode_after_title":"","ocean_shortcode_before_footer_widgets":"","ocean_shortcode_after_footer_widgets":"","ocean_shortcode_before_footer_bottom":"","ocean_shortcode_after_footer_bottom":"","ocean_display_top_bar":"default","ocean_display_header":"default","ocean_header_style":"","ocean_center_header_left_menu":"","ocean_custom_header_template":"","ocean_custom_logo":0,"ocean_custom_retina_logo":0,"ocean_custom_logo_max_width":0,"ocean_custom_logo_tablet_max_width":0,"ocean_custom_logo_mobile_max_width":0,"ocean_custom_logo_max_height":0,"ocean_custom_logo_tablet_max_height":0,"ocean_custom_logo_mobile_max_height":0,"ocean_header_custom_menu":"","ocean_menu_typo_font_family":"","ocean_menu_typo_font_subset":"","ocean_menu_typo_font_size":0,"ocean_menu_typo_font_size_tablet":0,"ocean_menu_typo_font_size_mobile":0,"ocean_menu_typo_font_size_unit":"px","ocean_menu_typo_font_weight":"","ocean_menu_typo_font_weight_tablet":"","ocean_menu_typo_font_weight_mobile":"","ocean_menu_typo_transform":"","ocean_menu_typo_transform_tablet":"","ocean_menu_typo_transform_mobile":"","ocean_menu_typo_line_height":0,"ocean_menu_typo_line_height_tablet":0,"ocean_menu_typo_line_height_mobile":0,"ocean_menu_typo_line_height_unit":"","ocean_menu_typo_spacing":0,"ocean_menu_typo_spacing_tablet":0,"ocean_menu_typo_spacing_mobile":0,"ocean_menu_typo_spacing_unit":"","ocean_menu_link_color":"","ocean_menu_link_color_hover":"","ocean_menu_link_color_active":"","ocean_menu_link_background":"","ocean_menu_link_hover_background":"","ocean_menu_link_active_background":"","ocean_menu_social_links_bg":"","ocean_menu_social_hover_links_bg":"","ocean_menu_social_links_color":"","ocean_menu_social_hover_links_color":"","ocean_disable_title":"default","ocean_disable_heading":"default","ocean_post_title":"","ocean_post_subheading":"","ocean_post_title_style":"","ocean_post_title_background_color":"","ocean_post_title_background":0,"ocean_post_title_bg_image_position":"","ocean_post_title_bg_image_attachment":"","ocean_post_title_bg_image_repeat":"","ocean_post_title_bg_image_size":"","ocean_post_title_height":0,"ocean_post_title_bg_overlay":0.5,"ocean_post_title_bg_overlay_color":"","ocean_disable_breadcrumbs":"default","ocean_breadcrumbs_color":"","ocean_breadcrumbs_separator_color":"","ocean_breadcrumbs_links_color":"","ocean_breadcrumbs_links_hover_color":"","ocean_display_footer_widgets":"default","ocean_display_footer_bottom":"default","ocean_custom_footer_template":"","_mc_calendar":[],"footnotes":""},"class_list":["post-9","page","type-page","status-publish","hentry","entry"],"aioseo_notices":[],"_links":{"self":[{"href":"https:\/\/enfantsdumonde.be\/test\/wp-json\/wp\/v2\/pages\/9","targetHints":{"allow":["GET"]}}],"collection":[{"href":"https:\/\/enfantsdumonde.be\/test\/wp-json\/wp\/v2\/pages"}],"about":[{"href":"https:\/\/enfantsdumonde.be\/test\/wp-json\/wp\/v2\/types\/page"}],"author":[{"embeddable":true,"href":"https:\/\/enfantsdumonde.be\/test\/wp-json\/wp\/v2\/users\/5"}],"replies":[{"embeddable":true,"href":"https:\/\/enfantsdumonde.be\/test\/wp-json\/wp\/v2\/comments?post=9"}],"version-history":[{"count":5,"href":"https:\/\/enfantsdumonde.be\/test\/wp-json\/wp\/v2\/pages\/9\/revisions"}],"predecessor-version":[{"id":13289,"href":"https:\/\/enfantsdumonde.be\/test\/wp-json\/wp\/v2\/pages\/9\/revisions\/13289"}],"wp:attachment":[{"href":"https:\/\/enfantsdumonde.be\/test\/wp-json\/wp\/v2\/media?parent=9"}],"curies":[{"name":"wp","href":"https:\/\/api.w.org\/{rel}","templated":true}]}}