{"id":8266,"date":"2023-01-13T09:31:53","date_gmt":"2023-01-13T08:31:53","guid":{"rendered":"https:\/\/enfantsdumonde.be\/test\/\/\/\/\/\/\/\/\/?page_id=8266"},"modified":"2026-02-15T18:36:56","modified_gmt":"2026-02-15T17:36:56","slug":"faq","status":"publish","type":"page","link":"https:\/\/enfantsdumonde.be\/test\/faq\/","title":{"rendered":"FAQ &#8211; Foire aux questions"},"content":{"rendered":"\t\t<div data-elementor-type=\"wp-page\" data-elementor-id=\"8266\" class=\"elementor elementor-8266\">\n\t\t\t\t\t\t<section class=\"elementor-section elementor-top-section elementor-element elementor-element-a8b5dc1 elementor-section-boxed elementor-section-height-default elementor-section-height-default\" data-id=\"a8b5dc1\" data-element_type=\"section\" data-e-type=\"section\">\n\t\t\t\t\t\t<div class=\"elementor-container elementor-column-gap-default\">\n\t\t\t\t\t<div class=\"elementor-column elementor-col-100 elementor-top-column elementor-element elementor-element-9ceacae\" data-id=\"9ceacae\" data-element_type=\"column\" data-e-type=\"column\">\n\t\t\t<div class=\"elementor-widget-wrap elementor-element-populated\">\n\t\t\t\t\t\t<div class=\"elementor-element elementor-element-048a19d elementor-widget elementor-widget-image\" data-id=\"048a19d\" data-element_type=\"widget\" data-e-type=\"widget\" data-widget_type=\"image.default\">\n\t\t\t\t<div class=\"elementor-widget-container\">\n\t\t\t\t\t\t\t\t\t\t\t\t\t\t\t<img fetchpriority=\"high\" width=\"1024\" height=\"439\"  class=\"attachment-large size-large wp-image-8268 lws-optimize-lazyload\" alt=\"\" srcset=\"https:\/\/enfantsdumonde.be\/test\/wp-content\/uploads\/2023\/01\/faq-free-1320_lwsoptimized-1024x439.webp 1024w, https:\/\/enfantsdumonde.be\/test\/wp-content\/uploads\/2023\/01\/faq-free-1320_lwsoptimized-300x129.webp 300w, https:\/\/enfantsdumonde.be\/test\/wp-content\/uploads\/2023\/01\/faq-free-1320_lwsoptimized-768x329.webp 768w, https:\/\/enfantsdumonde.be\/test\/wp-content\/uploads\/2023\/01\/faq-free-1320_lwsoptimized.webp 1320w\" sizes=\"(max-width: 1024px) 100vw, 1024px\" \/ data-src=\"https:\/\/enfantsdumonde.be\/test\/wp-content\/uploads\/2023\/01\/faq-free-1320_lwsoptimized-1024x439.webp\">\t\t\t\t\t\t\t\t\t\t\t\t\t\t\t<\/div>\n\t\t\t\t<\/div>\n\t\t\t\t\t<\/div>\n\t\t<\/div>\n\t\t\t\t\t<\/div>\n\t\t<\/section>\n\t\t\t\t<section class=\"elementor-section elementor-top-section elementor-element elementor-element-96f9d0a elementor-section-boxed elementor-section-height-default elementor-section-height-default\" data-id=\"96f9d0a\" data-element_type=\"section\" data-e-type=\"section\">\n\t\t\t\t\t\t<div class=\"elementor-container elementor-column-gap-default\">\n\t\t\t\t\t<div class=\"elementor-column elementor-col-100 elementor-top-column elementor-element elementor-element-72ca74b\" data-id=\"72ca74b\" data-element_type=\"column\" data-e-type=\"column\">\n\t\t\t<div class=\"elementor-widget-wrap elementor-element-populated\">\n\t\t\t\t\t\t<div class=\"elementor-element elementor-element-9bb43e3 elementor-widget-divider--view-line elementor-widget elementor-widget-divider\" data-id=\"9bb43e3\" data-element_type=\"widget\" data-e-type=\"widget\" data-widget_type=\"divider.default\">\n\t\t\t\t<div class=\"elementor-widget-container\">\n\t\t\t\t\t\t\t<div class=\"elementor-divider\">\n\t\t\t<span class=\"elementor-divider-separator\">\n\t\t\t\t\t\t<\/span>\n\t\t<\/div>\n\t\t\t\t\t\t<\/div>\n\t\t\t\t<\/div>\n\t\t\t\t\t<\/div>\n\t\t<\/div>\n\t\t\t\t\t<\/div>\n\t\t<\/section>\n\t\t\t\t<section class=\"elementor-section elementor-top-section elementor-element elementor-element-335fba3 elementor-section-boxed elementor-section-height-default elementor-section-height-default\" data-id=\"335fba3\" data-element_type=\"section\" data-e-type=\"section\">\n\t\t\t\t\t\t<div class=\"elementor-container elementor-column-gap-default\">\n\t\t\t\t\t<div class=\"elementor-column elementor-col-100 elementor-top-column elementor-element elementor-element-b3e31cf\" data-id=\"b3e31cf\" data-element_type=\"column\" data-e-type=\"column\">\n\t\t\t<div class=\"elementor-widget-wrap elementor-element-populated\">\n\t\t\t\t\t\t<div class=\"elementor-element elementor-element-c4d2b87 elementor-widget elementor-widget-heading\" data-id=\"c4d2b87\" data-element_type=\"widget\" data-e-type=\"widget\" data-widget_type=\"heading.default\">\n\t\t\t\t<div class=\"elementor-widget-container\">\n\t\t\t\t\t<h2 class=\"elementor-heading-title elementor-size-default\">Vos dons<\/h2>\t\t\t\t<\/div>\n\t\t\t\t<\/div>\n\t\t\t\t\t<\/div>\n\t\t<\/div>\n\t\t\t\t\t<\/div>\n\t\t<\/section>\n\t\t\t\t<section class=\"elementor-section elementor-top-section elementor-element elementor-element-125ced1 elementor-section-boxed elementor-section-height-default elementor-section-height-default\" data-id=\"125ced1\" data-element_type=\"section\" data-e-type=\"section\">\n\t\t\t\t\t\t<div class=\"elementor-container elementor-column-gap-default\">\n\t\t\t\t\t<div class=\"elementor-column elementor-col-100 elementor-top-column elementor-element elementor-element-066987f\" data-id=\"066987f\" data-element_type=\"column\" data-e-type=\"column\">\n\t\t\t<div class=\"elementor-widget-wrap elementor-element-populated\">\n\t\t\t\t\t\t<div class=\"elementor-element elementor-element-845f588 elementor-widget elementor-widget-toggle\" data-id=\"845f588\" data-element_type=\"widget\" data-e-type=\"widget\" data-widget_type=\"toggle.default\">\n\t\t\t\t<div class=\"elementor-widget-container\">\n\t\t\t\t\t\t\t<div class=\"elementor-toggle\">\n\t\t\t\t\t\t\t<div class=\"elementor-toggle-item\">\n\t\t\t\t\t<div id=\"elementor-tab-title-1381\" class=\"elementor-tab-title\" data-tab=\"1\" role=\"button\" aria-controls=\"elementor-tab-content-1381\" aria-expanded=\"false\">\n\t\t\t\t\t\t\t\t\t\t\t\t<span class=\"elementor-toggle-icon elementor-toggle-icon-left\" aria-hidden=\"true\">\n\t\t\t\t\t\t\t\t\t\t\t\t\t\t\t<span class=\"elementor-toggle-icon-closed\"><i class=\"fas fa-caret-right\"><\/i><\/span>\n\t\t\t\t\t\t\t\t<span class=\"elementor-toggle-icon-opened\"><i class=\"elementor-toggle-icon-opened fas fa-caret-up\"><\/i><\/span>\n\t\t\t\t\t\t\t\t\t\t\t\t\t<\/span>\n\t\t\t\t\t\t\t\t\t\t\t\t<a class=\"elementor-toggle-title\" tabindex=\"0\">Quels sont les frais retenus par EDM ?<\/a>\n\t\t\t\t\t<\/div>\n\n\t\t\t\t\t<div id=\"elementor-tab-content-1381\" class=\"elementor-tab-content elementor-clearfix\" data-tab=\"1\" role=\"region\" aria-labelledby=\"elementor-tab-title-1381\"><div data-content=\"\"><div class=\"faq-content\"><p>\u201cUn euro vers\u00e9 est un euro envoy\u00e9\u201d !<\/p><p>Enfants du Monde est fier de tenir ce \u201cslogan\u201d depuis plus de 40 ans.\u00a0 Tous les membres d\u2019EDM sont b\u00e9n\u00e9voles \u2026\u00a0 Il n\u2019y a pas de faux frais !<\/p><p>Votre aide va donc int\u00e9gralement aux \u201cmaisons\u201d et projets soutenus par l\u2019asbl.\u00a0 Et comme EDM a obtenu l\u2019agr\u00e9ment fiscal, vos dons de plus de \u20ac 40 par an sont fiscalement d\u00e9ductibles.<\/p><p>Pour conna\u00eetre l\u2019\u00e9quipe, visitez le <a href=\"http:\/\/www.enfantsdumonde.be\/equipe\/\" target=\"_blank\" rel=\"noopener\">site d\u2019Enfants du Monde<\/a>.<\/p><\/div><\/div><div id=\"ConnectiveDocSignExtentionInstalled\" data-extension-version=\"1.0.4\">\u00a0<\/div><\/div>\n\t\t\t\t<\/div>\n\t\t\t\t\t\t\t<div class=\"elementor-toggle-item\">\n\t\t\t\t\t<div id=\"elementor-tab-title-1382\" class=\"elementor-tab-title\" data-tab=\"2\" role=\"button\" aria-controls=\"elementor-tab-content-1382\" aria-expanded=\"false\">\n\t\t\t\t\t\t\t\t\t\t\t\t<span class=\"elementor-toggle-icon elementor-toggle-icon-left\" aria-hidden=\"true\">\n\t\t\t\t\t\t\t\t\t\t\t\t\t\t\t<span class=\"elementor-toggle-icon-closed\"><i class=\"fas fa-caret-right\"><\/i><\/span>\n\t\t\t\t\t\t\t\t<span class=\"elementor-toggle-icon-opened\"><i class=\"elementor-toggle-icon-opened fas fa-caret-up\"><\/i><\/span>\n\t\t\t\t\t\t\t\t\t\t\t\t\t<\/span>\n\t\t\t\t\t\t\t\t\t\t\t\t<a class=\"elementor-toggle-title\" tabindex=\"0\">Quand faut-il verser ?<\/a>\n\t\t\t\t\t<\/div>\n\n\t\t\t\t\t<div id=\"elementor-tab-content-1382\" class=\"elementor-tab-content elementor-clearfix\" data-tab=\"2\" role=\"region\" aria-labelledby=\"elementor-tab-title-1382\"><div data-content=\"\"><div class=\"faq-content\"><p>Votre versement est le bienvenu !<\/p><p>Les versements re\u00e7us durant une ann\u00e9e civile couvrent l\u2019ann\u00e9e scolaire de septembre de cette ann\u00e9e jusqu\u2019\u00e0 juin de l\u2019ann\u00e9e suivante. Concr\u00e8tement cela veut dire que les versements re\u00e7us en 2023 couvrent l\u2019ann\u00e9e scolaire 2023-2024.<br \/>A partir de janvier 2024, les sommes re\u00e7ues couvriront l\u2019ann\u00e9e scolaire suivante (2024-2025).<\/p><p>Id\u00e9alement votre <strong>versement annuel<\/strong> devrait arriver sur le compte d\u2019Enfants du Monde <strong>avant la fin ao\u00fbt<\/strong>, pour pouvoir couvrir les frais de scolarisation (inscription, minerval, mat\u00e9riel scolaire).<\/p><p>A la fin de chaque mois, nous recevons le relev\u00e9 de tous les versements re\u00e7us sur le compte d\u2019Enfants du Monde.\u00a0 Ainsi nous sommes certains que les enfants aid\u00e9s recevront effectivement leur bourse d\u2019\u00e9tude, mais aussi l\u2019aide alimentaire qui sera distribu\u00e9e d\u00e9but d\u00e9cembre.<\/p><p>Merci pour votre soutien !<\/p><\/div><\/div><div id=\"ConnectiveDocSignExtentionInstalled\" data-extension-version=\"1.0.4\">\u00a0<\/div><\/div>\n\t\t\t\t<\/div>\n\t\t\t\t\t\t\t<div class=\"elementor-toggle-item\">\n\t\t\t\t\t<div id=\"elementor-tab-title-1383\" class=\"elementor-tab-title\" data-tab=\"3\" role=\"button\" aria-controls=\"elementor-tab-content-1383\" aria-expanded=\"false\">\n\t\t\t\t\t\t\t\t\t\t\t\t<span class=\"elementor-toggle-icon elementor-toggle-icon-left\" aria-hidden=\"true\">\n\t\t\t\t\t\t\t\t\t\t\t\t\t\t\t<span class=\"elementor-toggle-icon-closed\"><i class=\"fas fa-caret-right\"><\/i><\/span>\n\t\t\t\t\t\t\t\t<span class=\"elementor-toggle-icon-opened\"><i class=\"elementor-toggle-icon-opened fas fa-caret-up\"><\/i><\/span>\n\t\t\t\t\t\t\t\t\t\t\t\t\t<\/span>\n\t\t\t\t\t\t\t\t\t\t\t\t<a class=\"elementor-toggle-title\" tabindex=\"0\">Sur quel compte faut-il verser ?<\/a>\n\t\t\t\t\t<\/div>\n\n\t\t\t\t\t<div id=\"elementor-tab-content-1383\" class=\"elementor-tab-content elementor-clearfix\" data-tab=\"3\" role=\"region\" aria-labelledby=\"elementor-tab-title-1383\"><div data-content=\"\"><div class=\"faq-content\"><p>Vous \u00eates invit\u00e9 \u00e0 effectuer votre versement sur le\u00a0compte<br \/>IBAN = BE09\u00a02600 0890 3457\u00a0 BIC =\u00a0GEBABEBB<br \/><strong>Enfants du Monde<\/strong>, rue Paradis 90, 4000 Li\u00e8ge,<br \/>avec la mention \u00a0\u00bb <em>Bourses \u2013 num\u00e9ro de la maison que vous voulez aider \u00a0\u00bb (voir sur ce site !)<br \/><\/em><\/p><p>Id\u00e9alement, un versement annuel de \u20ac 125 (ou multiple de \u20ac125) permet d\u2019aider un enfant en couvrant les frais d\u2019inscription (si l\u2019enfant fr\u00e9quente une \u00e9cole priv\u00e9e) et l\u2019achat des fournitures scolaires pour les enfants. Le reste est utilis\u00e9 pour rem\u00e9dier aux probl\u00e8mes alimentaires et sanitaires, en fonction de la disponibilit\u00e9 des ressources.<\/p><p>Ce versement peut aussi se faire sans probl\u00e8me sous la forme d\u2019un ordre permanent de \u20ac 10,50 par mois.<\/p><div data-content=\"\">Avantages :<div class=\"faq-content\"><p>\u2013 pas de risque d\u2019oubli de verser<br \/>\u2013 nous savons que les sommes arrivent r\u00e9guli\u00e8rement, ce qui est une garantie pour les gestionnaires sur place.<\/p><\/div><\/div><p>MERCI ! <\/p><\/div><\/div><\/div>\n\t\t\t\t<\/div>\n\t\t\t\t\t\t\t\t<\/div>\n\t\t\t\t\t\t<\/div>\n\t\t\t\t<\/div>\n\t\t\t\t\t<\/div>\n\t\t<\/div>\n\t\t\t\t\t<\/div>\n\t\t<\/section>\n\t\t\t\t<section class=\"elementor-section elementor-top-section elementor-element elementor-element-d6c49be elementor-section-boxed elementor-section-height-default elementor-section-height-default\" data-id=\"d6c49be\" data-element_type=\"section\" data-e-type=\"section\">\n\t\t\t\t\t\t<div class=\"elementor-container elementor-column-gap-default\">\n\t\t\t\t\t<div class=\"elementor-column elementor-col-100 elementor-top-column elementor-element elementor-element-889ec66\" data-id=\"889ec66\" data-element_type=\"column\" data-e-type=\"column\">\n\t\t\t<div class=\"elementor-widget-wrap elementor-element-populated\">\n\t\t\t\t\t\t<div class=\"elementor-element elementor-element-4aa807c elementor-widget-divider--view-line elementor-widget elementor-widget-divider\" data-id=\"4aa807c\" data-element_type=\"widget\" data-e-type=\"widget\" data-widget_type=\"divider.default\">\n\t\t\t\t<div class=\"elementor-widget-container\">\n\t\t\t\t\t\t\t<div class=\"elementor-divider\">\n\t\t\t<span class=\"elementor-divider-separator\">\n\t\t\t\t\t\t<\/span>\n\t\t<\/div>\n\t\t\t\t\t\t<\/div>\n\t\t\t\t<\/div>\n\t\t\t\t\t<\/div>\n\t\t<\/div>\n\t\t\t\t\t<\/div>\n\t\t<\/section>\n\t\t\t\t<section class=\"elementor-section elementor-top-section elementor-element elementor-element-85487af elementor-section-boxed elementor-section-height-default elementor-section-height-default\" data-id=\"85487af\" data-element_type=\"section\" data-e-type=\"section\">\n\t\t\t\t\t\t<div class=\"elementor-container elementor-column-gap-default\">\n\t\t\t\t\t<div class=\"elementor-column elementor-col-100 elementor-top-column elementor-element elementor-element-799d280\" data-id=\"799d280\" data-element_type=\"column\" data-e-type=\"column\">\n\t\t\t<div class=\"elementor-widget-wrap elementor-element-populated\">\n\t\t\t\t\t\t<div class=\"elementor-element elementor-element-e7d62ca elementor-widget elementor-widget-heading\" data-id=\"e7d62ca\" data-element_type=\"widget\" data-e-type=\"widget\" data-widget_type=\"heading.default\">\n\t\t\t\t<div class=\"elementor-widget-container\">\n\t\t\t\t\t<h2 class=\"elementor-heading-title elementor-size-default\">Parrainages<\/h2>\t\t\t\t<\/div>\n\t\t\t\t<\/div>\n\t\t\t\t\t<\/div>\n\t\t<\/div>\n\t\t\t\t\t<\/div>\n\t\t<\/section>\n\t\t\t\t<section class=\"elementor-section elementor-top-section elementor-element elementor-element-c9432ea elementor-section-boxed elementor-section-height-default elementor-section-height-default\" data-id=\"c9432ea\" data-element_type=\"section\" data-e-type=\"section\">\n\t\t\t\t\t\t<div class=\"elementor-container elementor-column-gap-default\">\n\t\t\t\t\t<div class=\"elementor-column elementor-col-100 elementor-top-column elementor-element elementor-element-2e8ecae\" data-id=\"2e8ecae\" data-element_type=\"column\" data-e-type=\"column\">\n\t\t\t<div class=\"elementor-widget-wrap elementor-element-populated\">\n\t\t\t\t\t\t<div class=\"elementor-element elementor-element-9a3b7a5 elementor-widget elementor-widget-toggle\" data-id=\"9a3b7a5\" data-element_type=\"widget\" data-e-type=\"widget\" data-widget_type=\"toggle.default\">\n\t\t\t\t<div class=\"elementor-widget-container\">\n\t\t\t\t\t\t\t<div class=\"elementor-toggle\">\n\t\t\t\t\t\t\t<div class=\"elementor-toggle-item\">\n\t\t\t\t\t<div id=\"elementor-tab-title-1611\" class=\"elementor-tab-title\" data-tab=\"1\" role=\"button\" aria-controls=\"elementor-tab-content-1611\" aria-expanded=\"false\">\n\t\t\t\t\t\t\t\t\t\t\t\t<span class=\"elementor-toggle-icon elementor-toggle-icon-left\" aria-hidden=\"true\">\n\t\t\t\t\t\t\t\t\t\t\t\t\t\t\t<span class=\"elementor-toggle-icon-closed\"><i class=\"fas fa-caret-right\"><\/i><\/span>\n\t\t\t\t\t\t\t\t<span class=\"elementor-toggle-icon-opened\"><i class=\"elementor-toggle-icon-opened fas fa-caret-up\"><\/i><\/span>\n\t\t\t\t\t\t\t\t\t\t\t\t\t<\/span>\n\t\t\t\t\t\t\t\t\t\t\t\t<a class=\"elementor-toggle-title\" tabindex=\"0\">Comment les parents sont-ils impliqu\u00e9s ?<\/a>\n\t\t\t\t\t<\/div>\n\n\t\t\t\t\t<div id=\"elementor-tab-content-1611\" class=\"elementor-tab-content elementor-clearfix\" data-tab=\"1\" role=\"region\" aria-labelledby=\"elementor-tab-title-1611\"><p>Les parents ou tuteurs de chaque enfant sont r\u00e9guli\u00e8rement invit\u00e9s par le Service social \u00e0 des rencontres d\u2019explication et de suivi du projet.\u00a0 C\u2019est l\u2019occasion de rassembler les bulletins qui seront envoy\u00e9s aux donateurs.<\/p><p>En d\u00e9but d\u2019ann\u00e9e scolaire, cette r\u00e9union permet aussi de s\u2019assurer que les enfants fr\u00e9quentent bien l\u2019\u00e9cole qui a \u00e9t\u00e9 renseign\u00e9e au service social.\u00a0\u00a0\u00a0Pr\u00e8s de la moiti\u00e9 des enfants aid\u00e9s change d\u2019\u00e9cole.<\/p><p>C\u2019est aussi l\u2019occasion d\u2019insister sur la n\u00e9cessit\u00e9 de veiller aux bons r\u00e9sultats des enfants.\u00a0\u00a0<em><b>\u00ab Si tu as quelqu\u2019un\u00a0pour te laver le dos, profite pour bien laver ton ventre ou ton visage \u00bb.<\/b><\/em>Cela sous-entend que chaque parent est responsable de la r\u00e9ussite scolaire de son enfant et doit \u00e0 ce titre se donner enti\u00e8rement pour donner de la chance au succ\u00e8s.<\/p><p>Il a \u00e9t\u00e9 rappel\u00e9 aux parents que les enfants qui ne produiront pas un bon rendement scolaire ne pourront pas ind\u00e9finiment rester sur la liste des enfants parrain\u00e9s.<\/p><div id=\"ConnectiveDocSignExtentionInstalled\" data-extension-version=\"1.0.4\">\u00a0<\/div><\/div>\n\t\t\t\t<\/div>\n\t\t\t\t\t\t\t<div class=\"elementor-toggle-item\">\n\t\t\t\t\t<div id=\"elementor-tab-title-1612\" class=\"elementor-tab-title\" data-tab=\"2\" role=\"button\" aria-controls=\"elementor-tab-content-1612\" aria-expanded=\"false\">\n\t\t\t\t\t\t\t\t\t\t\t\t<span class=\"elementor-toggle-icon elementor-toggle-icon-left\" aria-hidden=\"true\">\n\t\t\t\t\t\t\t\t\t\t\t\t\t\t\t<span class=\"elementor-toggle-icon-closed\"><i class=\"fas fa-caret-right\"><\/i><\/span>\n\t\t\t\t\t\t\t\t<span class=\"elementor-toggle-icon-opened\"><i class=\"elementor-toggle-icon-opened fas fa-caret-up\"><\/i><\/span>\n\t\t\t\t\t\t\t\t\t\t\t\t\t<\/span>\n\t\t\t\t\t\t\t\t\t\t\t\t<a class=\"elementor-toggle-title\" tabindex=\"0\">A quoi servent les sommes vers\u00e9es ?<\/a>\n\t\t\t\t\t<\/div>\n\n\t\t\t\t\t<div id=\"elementor-tab-content-1612\" class=\"elementor-tab-content elementor-clearfix\" data-tab=\"2\" role=\"region\" aria-labelledby=\"elementor-tab-title-1612\"><div data-content=\"\"><div class=\"faq-content\"><p>Il s\u2019agit tout d\u2019abord d\u2019assurer les frais de scolarit\u00e9 et l\u2019achat des fournitures scolaires pour les enfants. Ensuite, le reste est utilis\u00e9 pour r\u00e9soudre les probl\u00e8mes alimentaires, sanitaires en fonction de la disponibilit\u00e9 des ressources.<\/p><p>Ensuite chaque famille re\u00e7oit une\u00a0bourse de scolarit\u00e9 pour subvenir aux besoins et assurer la scolarit\u00e9 de chaque enfant.\u00a0 Cette somme sert \u00e0<\/p><ul><li>prioritairement le paiement du reliquat des frais de scolarit\u00e9 et tenues scolaires pour la plupart des filleuls<\/li><li>la prise en charge de frais de soins sanitaires \u00e9ventuels<\/li><li>l\u2019acquisition de lampes d\u2019\u00e9tude pour ceux qui sont en zone non lotie d\u00e9pourvue de r\u00e9seau d\u2019\u00e9lectricit\u00e9<\/li><li>et tout autre d\u00e9pense allant dans le sens de consolider les \u00e9tudes des enfants.<\/li><\/ul><\/div><\/div><div id=\"ConnectiveDocSignExtentionInstalled\" data-extension-version=\"1.0.4\">\u00a0<\/div><\/div>\n\t\t\t\t<\/div>\n\t\t\t\t\t\t\t<div class=\"elementor-toggle-item\">\n\t\t\t\t\t<div id=\"elementor-tab-title-1613\" class=\"elementor-tab-title\" data-tab=\"3\" role=\"button\" aria-controls=\"elementor-tab-content-1613\" aria-expanded=\"false\">\n\t\t\t\t\t\t\t\t\t\t\t\t<span class=\"elementor-toggle-icon elementor-toggle-icon-left\" aria-hidden=\"true\">\n\t\t\t\t\t\t\t\t\t\t\t\t\t\t\t<span class=\"elementor-toggle-icon-closed\"><i class=\"fas fa-caret-right\"><\/i><\/span>\n\t\t\t\t\t\t\t\t<span class=\"elementor-toggle-icon-opened\"><i class=\"elementor-toggle-icon-opened fas fa-caret-up\"><\/i><\/span>\n\t\t\t\t\t\t\t\t\t\t\t\t\t<\/span>\n\t\t\t\t\t\t\t\t\t\t\t\t<a class=\"elementor-toggle-title\" tabindex=\"0\">Pourquoi certains enfants doivent-ils aller dans une \u00e9cole priv\u00e9e ?<\/a>\n\t\t\t\t\t<\/div>\n\n\t\t\t\t\t<div id=\"elementor-tab-content-1613\" class=\"elementor-tab-content elementor-clearfix\" data-tab=\"3\" role=\"region\" aria-labelledby=\"elementor-tab-title-1613\"><div data-content=\"\"><div class=\"faq-content\"><div data-content=\"\"><div class=\"faq-content\"><div data-content=\"\"><div class=\"faq-content\"><p>Les enfants ont \u00e9t\u00e9 scolaris\u00e9s par les parents, en fonction de leurs possibilit\u00e9s, soit dans une \u00e9cole publique ou priv\u00e9e. Malheureusement, les enfants que nous aidons se trouvent dans des familles confront\u00e9es \u00e0 des situations p\u00e9nibles soit en raison du d\u00e9c\u00e8s ou de la perte d\u2019emploi d\u2019un des responsables de famille. D\u2019o\u00f9 cette famille tombe dans la pr\u00e9carit\u00e9 et demande de l\u2019aide au service social.<\/p><p>Si les enfants sont<strong> d\u00e9j\u00e0 scolaris\u00e9s dans des \u00e9coles priv\u00e9es<\/strong> et comme<strong> il est difficile d\u2019avoir des places dans les \u00e9coles publiques<\/strong>, le service accompagne\u00a0les parents en n\u00e9gociant avec les chefs d\u2019\u00e9tablissements priv\u00e9s. Certains chefs d\u2019\u00e9tablissement sont sensibles \u00e0 ces situations, d\u2019autres pas. Il y a aussi le fait que, <strong>dans le public, il n\u2019y a pas possibilit\u00e9 de redoubler<\/strong> et si l\u2019enfant venait \u00e0 redoubler, il est exclu de l\u2019\u00e9tablissement et les parents ont recours aux \u00e9tablissements priv\u00e9s.<\/p><\/div><\/div><\/div><\/div><\/div><\/div><div id=\"ConnectiveDocSignExtentionInstalled\" data-extension-version=\"1.0.4\">\u00a0<\/div><\/div>\n\t\t\t\t<\/div>\n\t\t\t\t\t\t\t<div class=\"elementor-toggle-item\">\n\t\t\t\t\t<div id=\"elementor-tab-title-1614\" class=\"elementor-tab-title\" data-tab=\"4\" role=\"button\" aria-controls=\"elementor-tab-content-1614\" aria-expanded=\"false\">\n\t\t\t\t\t\t\t\t\t\t\t\t<span class=\"elementor-toggle-icon elementor-toggle-icon-left\" aria-hidden=\"true\">\n\t\t\t\t\t\t\t\t\t\t\t\t\t\t\t<span class=\"elementor-toggle-icon-closed\"><i class=\"fas fa-caret-right\"><\/i><\/span>\n\t\t\t\t\t\t\t\t<span class=\"elementor-toggle-icon-opened\"><i class=\"elementor-toggle-icon-opened fas fa-caret-up\"><\/i><\/span>\n\t\t\t\t\t\t\t\t\t\t\t\t\t<\/span>\n\t\t\t\t\t\t\t\t\t\t\t\t<a class=\"elementor-toggle-title\" tabindex=\"0\">Est-il trop tard pour aider ?<\/a>\n\t\t\t\t\t<\/div>\n\n\t\t\t\t\t<div id=\"elementor-tab-content-1614\" class=\"elementor-tab-content elementor-clearfix\" data-tab=\"4\" role=\"region\" aria-labelledby=\"elementor-tab-title-1614\"><div data-content=\"\"><div class=\"faq-content\"><div data-content=\"\"><div class=\"faq-content\"><div data-content=\"\"><div class=\"faq-content\"><p><em>Je voudrais vous demander s\u2019il n\u2019est pas trop tard pour m\u2019inscrire pour aider un enfant, car sur le site, vous parlez de d\u00e9but juin pour qu\u2019un enfant puisse recevoir sa bourse de scolarisation pour la rentr\u00e9e scolaire suivante.<\/em><\/p><p>Non, il n\u2019est pas trop tard car <strong>les aides peuvent d\u00e9marrer \u00e0 tout moment<\/strong> ; une fois l\u2019aide mise en place, il est certes plus facile, les ann\u00e9es suivantes, au niveau de l\u2019organisation g\u00e9n\u00e9rale de l\u2019\u00e9cole, de recevoir la somme destin\u00e9e au parrainage avant le d\u00e9but de l\u2019ann\u00e9e scolaire.<\/p><p>Les versements d\u2019EDM (Enfants du Monde) sont regroup\u00e9s afin d\u2019\u00e9viter les frais bancaires.\u00a0 Ainsi, si vous faites votre versement en janvier par exemple, la somme arrivera \u00e0 l\u2019\u00e9cole en ao\u00fbt au plus tard, ce qui permet \u00e0 l\u2019assistante sociale de directement aider les enfants parrain\u00e9s pour couvrir les frais scolaires avant la rentr\u00e9e de fin septembre.<\/p><p>Mais <strong>nous avons toujours des enfants en attente<\/strong>.\u00a0 Donc une aide, d\u00e9marrant \u00e0 quelque moment de l\u2019ann\u00e9e que ce soit, permet d\u2019aider la famille et l\u2019enfant \u00e0 assumer le reste de l\u2019ann\u00e9e scolaire plus facilement.<\/p><p>Au plaisir de vous accueillir parmi les donateurs de bourses de scolarisation !<\/p><\/div><\/div><\/div><\/div><\/div><\/div><div id=\"ConnectiveDocSignExtentionInstalled\" data-extension-version=\"1.0.4\">\u00a0<\/div><\/div>\n\t\t\t\t<\/div>\n\t\t\t\t\t\t\t<div class=\"elementor-toggle-item\">\n\t\t\t\t\t<div id=\"elementor-tab-title-1615\" class=\"elementor-tab-title\" data-tab=\"5\" role=\"button\" aria-controls=\"elementor-tab-content-1615\" aria-expanded=\"false\">\n\t\t\t\t\t\t\t\t\t\t\t\t<span class=\"elementor-toggle-icon elementor-toggle-icon-left\" aria-hidden=\"true\">\n\t\t\t\t\t\t\t\t\t\t\t\t\t\t\t<span class=\"elementor-toggle-icon-closed\"><i class=\"fas fa-caret-right\"><\/i><\/span>\n\t\t\t\t\t\t\t\t<span class=\"elementor-toggle-icon-opened\"><i class=\"elementor-toggle-icon-opened fas fa-caret-up\"><\/i><\/span>\n\t\t\t\t\t\t\t\t\t\t\t\t\t<\/span>\n\t\t\t\t\t\t\t\t\t\t\t\t<a class=\"elementor-toggle-title\" tabindex=\"0\">Quel enfant vais-je aider ?<\/a>\n\t\t\t\t\t<\/div>\n\n\t\t\t\t\t<div id=\"elementor-tab-content-1615\" class=\"elementor-tab-content elementor-clearfix\" data-tab=\"5\" role=\"region\" aria-labelledby=\"elementor-tab-title-1615\"><div data-content=\"\"><div class=\"faq-content\"><div data-content=\"\"><div class=\"faq-content\"><div data-content=\"\"><div class=\"faq-content\"><p>Nous recevons la liste des enfants retenus par nos contacts sur place pour recevoir une aide financi\u00e8re des amis donateurs. Cette liste tient compte de la situation de chaque enfant (famille, milieu, \u00e9cole \u2026) pour mettre des priorit\u00e9s. Il n\u2019est pas toujours possible de r\u00e9pondre au souhait d\u2019un parrain donateur pour lui donner un enfant fille ou gar\u00e7on ! Dans tous les cas, l\u2019aide est attribu\u00e9e \u00e0 des enfants vuln\u00e9rables en situation pr\u00e9caire.<\/p><\/div><\/div><\/div><\/div><\/div><\/div><div id=\"ConnectiveDocSignExtentionInstalled\" data-extension-version=\"1.0.4\">\u00a0<\/div><\/div>\n\t\t\t\t<\/div>\n\t\t\t\t\t\t\t\t<\/div>\n\t\t\t\t\t\t<\/div>\n\t\t\t\t<\/div>\n\t\t\t\t<div class=\"elementor-element elementor-element-171b893 elementor-widget-divider--view-line elementor-widget elementor-widget-divider\" data-id=\"171b893\" data-element_type=\"widget\" data-e-type=\"widget\" data-widget_type=\"divider.default\">\n\t\t\t\t<div class=\"elementor-widget-container\">\n\t\t\t\t\t\t\t<div class=\"elementor-divider\">\n\t\t\t<span class=\"elementor-divider-separator\">\n\t\t\t\t\t\t<\/span>\n\t\t<\/div>\n\t\t\t\t\t\t<\/div>\n\t\t\t\t<\/div>\n\t\t\t\t\t<\/div>\n\t\t<\/div>\n\t\t\t\t\t<\/div>\n\t\t<\/section>\n\t\t\t\t<section class=\"elementor-section elementor-top-section elementor-element elementor-element-3e2d715 elementor-section-boxed elementor-section-height-default elementor-section-height-default\" data-id=\"3e2d715\" data-element_type=\"section\" data-e-type=\"section\">\n\t\t\t\t\t\t<div class=\"elementor-container elementor-column-gap-default\">\n\t\t\t\t\t<div class=\"elementor-column elementor-col-100 elementor-top-column elementor-element elementor-element-c85b4ab\" data-id=\"c85b4ab\" data-element_type=\"column\" data-e-type=\"column\">\n\t\t\t<div class=\"elementor-widget-wrap elementor-element-populated\">\n\t\t\t\t\t\t<div class=\"elementor-element elementor-element-fd71ab8 elementor-widget elementor-widget-heading\" data-id=\"fd71ab8\" data-element_type=\"widget\" data-e-type=\"widget\" data-widget_type=\"heading.default\">\n\t\t\t\t<div class=\"elementor-widget-container\">\n\t\t\t\t\t<h2 class=\"elementor-heading-title elementor-size-default\">Attestation fiscale<\/h2>\t\t\t\t<\/div>\n\t\t\t\t<\/div>\n\t\t\t\t\t<\/div>\n\t\t<\/div>\n\t\t\t\t\t<\/div>\n\t\t<\/section>\n\t\t\t\t<section class=\"elementor-section elementor-top-section elementor-element elementor-element-83fda73 elementor-section-boxed elementor-section-height-default elementor-section-height-default\" data-id=\"83fda73\" data-element_type=\"section\" data-e-type=\"section\">\n\t\t\t\t\t\t<div class=\"elementor-container elementor-column-gap-default\">\n\t\t\t\t\t<div class=\"elementor-column elementor-col-100 elementor-top-column elementor-element elementor-element-536d8ab\" data-id=\"536d8ab\" data-element_type=\"column\" data-e-type=\"column\">\n\t\t\t<div class=\"elementor-widget-wrap elementor-element-populated\">\n\t\t\t\t\t\t<div class=\"elementor-element elementor-element-71cf326 elementor-widget elementor-widget-toggle\" data-id=\"71cf326\" data-element_type=\"widget\" data-e-type=\"widget\" data-widget_type=\"toggle.default\">\n\t\t\t\t<div class=\"elementor-widget-container\">\n\t\t\t\t\t\t\t<div class=\"elementor-toggle\">\n\t\t\t\t\t\t\t<div class=\"elementor-toggle-item\">\n\t\t\t\t\t<div id=\"elementor-tab-title-1191\" class=\"elementor-tab-title\" data-tab=\"1\" role=\"button\" aria-controls=\"elementor-tab-content-1191\" aria-expanded=\"false\">\n\t\t\t\t\t\t\t\t\t\t\t\t<span class=\"elementor-toggle-icon elementor-toggle-icon-left\" aria-hidden=\"true\">\n\t\t\t\t\t\t\t\t\t\t\t\t\t\t\t<span class=\"elementor-toggle-icon-closed\"><i class=\"fas fa-caret-right\"><\/i><\/span>\n\t\t\t\t\t\t\t\t<span class=\"elementor-toggle-icon-opened\"><i class=\"elementor-toggle-icon-opened fas fa-caret-up\"><\/i><\/span>\n\t\t\t\t\t\t\t\t\t\t\t\t\t<\/span>\n\t\t\t\t\t\t\t\t\t\t\t\t<a class=\"elementor-toggle-title\" tabindex=\"0\">A quel nom l\u2019attestation fiscale est-elle \u00e9tablie ?<\/a>\n\t\t\t\t\t<\/div>\n\n\t\t\t\t\t<div id=\"elementor-tab-content-1191\" class=\"elementor-tab-content elementor-clearfix\" data-tab=\"1\" role=\"region\" aria-labelledby=\"elementor-tab-title-1191\"><p>Une attestation fiscale est toujours \u00e9tablie au nom du titulaire du compte \u00e0 partir duquel la contribution a \u00e9t\u00e9 vers\u00e9e.<\/p><p>Le SPF Finances demande de conna\u00eetre le num\u00e9ro national ou le num\u00e9ro d&rsquo;entreprise du donateur qu\u2019il faudra renseigner sur l\u2019attestation.\u00a0 Merci de nous le transmettre via le <a href=\"https:\/\/www.enfantsdumonde.be\/contact\/\" target=\"_blank\" rel=\"noopener\">formulaire de contact<\/a>.<\/p><div id=\"ConnectiveDocSignExtentionInstalled\" data-extension-version=\"1.0.4\">\u00a0<\/div><\/div>\n\t\t\t\t<\/div>\n\t\t\t\t\t\t\t<div class=\"elementor-toggle-item\">\n\t\t\t\t\t<div id=\"elementor-tab-title-1192\" class=\"elementor-tab-title\" data-tab=\"2\" role=\"button\" aria-controls=\"elementor-tab-content-1192\" aria-expanded=\"false\">\n\t\t\t\t\t\t\t\t\t\t\t\t<span class=\"elementor-toggle-icon elementor-toggle-icon-left\" aria-hidden=\"true\">\n\t\t\t\t\t\t\t\t\t\t\t\t\t\t\t<span class=\"elementor-toggle-icon-closed\"><i class=\"fas fa-caret-right\"><\/i><\/span>\n\t\t\t\t\t\t\t\t<span class=\"elementor-toggle-icon-opened\"><i class=\"elementor-toggle-icon-opened fas fa-caret-up\"><\/i><\/span>\n\t\t\t\t\t\t\t\t\t\t\t\t\t<\/span>\n\t\t\t\t\t\t\t\t\t\t\t\t<a class=\"elementor-toggle-title\" tabindex=\"0\">J\u2019ai \u00e9gar\u00e9 mon attestation fiscale. Puis-je en recevoir une copie ? <\/a>\n\t\t\t\t\t<\/div>\n\n\t\t\t\t\t<div id=\"elementor-tab-content-1192\" class=\"elementor-tab-content elementor-clearfix\" data-tab=\"2\" role=\"region\" aria-labelledby=\"elementor-tab-title-1192\"><p>Selon les directives du SPF Finances, nous ne pouvons pas \u00e9tablir de duplicata d\u2019une attestation fiscale. Nous pouvons toutefois communiquer le montant et le num\u00e9ro de l\u2019attestation par mail. La mention de ce montant sur votre d\u00e9claration est suffisante. Le cas \u00e9ch\u00e9ant, vous pouvez nous contacter \u00e0 l\u2019adresse mail suivante\u00a0: <a href=\"mailto:tresorier@enfantsdumonde.be\">tresorier@enfantsdumonde.be<\/a><\/p><div id=\"ConnectiveDocSignExtentionInstalled\" data-extension-version=\"1.0.4\">\u00a0<\/div><\/div>\n\t\t\t\t<\/div>\n\t\t\t\t\t\t\t<div class=\"elementor-toggle-item\">\n\t\t\t\t\t<div id=\"elementor-tab-title-1193\" class=\"elementor-tab-title\" data-tab=\"3\" role=\"button\" aria-controls=\"elementor-tab-content-1193\" aria-expanded=\"false\">\n\t\t\t\t\t\t\t\t\t\t\t\t<span class=\"elementor-toggle-icon elementor-toggle-icon-left\" aria-hidden=\"true\">\n\t\t\t\t\t\t\t\t\t\t\t\t\t\t\t<span class=\"elementor-toggle-icon-closed\"><i class=\"fas fa-caret-right\"><\/i><\/span>\n\t\t\t\t\t\t\t\t<span class=\"elementor-toggle-icon-opened\"><i class=\"elementor-toggle-icon-opened fas fa-caret-up\"><\/i><\/span>\n\t\t\t\t\t\t\t\t\t\t\t\t\t<\/span>\n\t\t\t\t\t\t\t\t\t\t\t\t<a class=\"elementor-toggle-title\" tabindex=\"0\">A partir de quel montant mon don est-il fiscalement d\u00e9ductible ? <\/a>\n\t\t\t\t\t<\/div>\n\n\t\t\t\t\t<div id=\"elementor-tab-content-1193\" class=\"elementor-tab-content elementor-clearfix\" data-tab=\"3\" role=\"region\" aria-labelledby=\"elementor-tab-title-1193\"><p>Tous les dons de minimum 40\u20ac sur une ann\u00e9e civile sont d\u00e9ductibles fiscalement. Ce montant peut \u00eatre compos\u00e9 de plusieurs dons, du moment qu\u2019ils ont \u00e9t\u00e9 vers\u00e9s durant la m\u00eame ann\u00e9e civile.<\/p><p>Si le montant total de vos dons effectu\u00e9s atteint 40\u20ac au moins par ann\u00e9e civile, Enfants Du Monde Belgique vous d\u00e9livre une attestation fiscale au d\u00e9but de l\u2019ann\u00e9e suivante. Vous ne devez pas joindre cette attestation \u00e0 votre d\u00e9claration, mais vous devez la tenir \u00e0 disposition de l\u2019Administration des Finances.<\/p><p><strong>\u00a0<\/strong><\/p><div id=\"ConnectiveDocSignExtentionInstalled\" data-extension-version=\"1.0.4\">\u00a0<\/div><\/div>\n\t\t\t\t<\/div>\n\t\t\t\t\t\t\t<div class=\"elementor-toggle-item\">\n\t\t\t\t\t<div id=\"elementor-tab-title-1194\" class=\"elementor-tab-title\" data-tab=\"4\" role=\"button\" aria-controls=\"elementor-tab-content-1194\" aria-expanded=\"false\">\n\t\t\t\t\t\t\t\t\t\t\t\t<span class=\"elementor-toggle-icon elementor-toggle-icon-left\" aria-hidden=\"true\">\n\t\t\t\t\t\t\t\t\t\t\t\t\t\t\t<span class=\"elementor-toggle-icon-closed\"><i class=\"fas fa-caret-right\"><\/i><\/span>\n\t\t\t\t\t\t\t\t<span class=\"elementor-toggle-icon-opened\"><i class=\"elementor-toggle-icon-opened fas fa-caret-up\"><\/i><\/span>\n\t\t\t\t\t\t\t\t\t\t\t\t\t<\/span>\n\t\t\t\t\t\t\t\t\t\t\t\t<a class=\"elementor-toggle-title\" tabindex=\"0\">Quel est le montant de la r\u00e9duction d\u2019imp\u00f4t ? <\/a>\n\t\t\t\t\t<\/div>\n\n\t\t\t\t\t<div id=\"elementor-tab-content-1194\" class=\"elementor-tab-content elementor-clearfix\" data-tab=\"4\" role=\"region\" aria-labelledby=\"elementor-tab-title-1194\"><p>A partir du 1er janvier 2025, la r\u00e9duction d\u2019imp\u00f4t peut aller jusqu&rsquo;\u00e0 30% du montant vers\u00e9, qui est repris sur l\u2019attestation.<\/p>\n<p>Exemple : si vous avez vers\u00e9 \u20ac 100 en 2025, vous pouvez b\u00e9n\u00e9ficier \nl\u2019ann\u00e9e prochaine d\u2019un avantage fiscal allant jusqu&rsquo;\u00e0 \u20ac 30. Ce qui \nsignifie qu\u2019en fin de compte, vous n\u2019aurez pay\u00e9 que \u20ac 70.<\/p><p><strong>Attention<\/strong> : dans certains cas, vous ne pouvez pas, ou pas totalement, b\u00e9n\u00e9ficier de la r\u00e9duction d\u2019imp\u00f4t.<\/p>\n<p><strong>Le montant de votre imp\u00f4t est nul.<\/strong> Si le montant de votre imp\u00f4t est nul (notamment parce que vous n\u2019avez pas ou peu de revenus), vous n\u2019avez droit \u00e0 aucune d\u00e9duction fiscale.<\/p>\n<p><strong>Le montant de votre imp\u00f4t est inf\u00e9rieur au montant de la r\u00e9duction.<\/strong> Si le montant de votre imp\u00f4t est inf\u00e9rieur au montant de la r\u00e9duction (par exemple, vos revenus, et donc le montant de votre imp\u00f4t, sont faibles), vous n\u2019avez droit qu\u2019\u00e0 une r\u00e9duction d\u2019imp\u00f4t limit\u00e9e au montant de votre imp\u00f4t.<\/p>\n<p><strong>Le montant de vos dons d\u00e9passe certaines limites.<\/strong> En effet, le montant ne peut exc\u00e9der :<\/p>\n<ul>\n<li>Soit 10% de l\u2019ensemble des revenus nets<\/li>\n<li>Soit 392.000,00 \u20ac (Exercice d\u2019imposition 2023, Revenus 2022)<\/li>\n<\/ul>\n<p>Vous devez n\u00e9anmoins toujours d\u00e9clarer le montant total des dons qui r\u00e9pondent aux conditions pour pouvoir b\u00e9n\u00e9ficier de la d\u00e9duction d\u2019imp\u00f4t. L&rsquo;administration appliquera le cas \u00e9ch\u00e9ant les limitations l\u00e9gales.<\/p>\n<p><strong>Attention :<\/strong> dans le cas d\u2019une d\u00e9claration d\u2019imp\u00f4t commune, si le revenu de l\u2019un des conjoints est inf\u00e9rieur au minimum imposable, et si ce conjoint est \u00e0 l\u2019origine des dons, la d\u00e9duction fiscale ne peut plus \u00eatre accord\u00e9e.<\/p>\n<p>Plus d\u2019informations sur le site internet du Service Public F\u00e9d\u00e9ral Finances&nbsp;: <a href=\"https:\/\/finances.belgium.be\/fr\/particuliers\/avantages_fiscaux\/dons\">Dons | SPF Finances (belgium.be)<\/a><\/p>\n<p><strong>&nbsp;<\/strong><\/p>\n<div id=\"ConnectiveDocSignExtentionInstalled\" data-extension-version=\"1.0.4\">&nbsp;<\/div><\/div>\n\t\t\t\t<\/div>\n\t\t\t\t\t\t\t<div class=\"elementor-toggle-item\">\n\t\t\t\t\t<div id=\"elementor-tab-title-1195\" class=\"elementor-tab-title\" data-tab=\"5\" role=\"button\" aria-controls=\"elementor-tab-content-1195\" aria-expanded=\"false\">\n\t\t\t\t\t\t\t\t\t\t\t\t<span class=\"elementor-toggle-icon elementor-toggle-icon-left\" aria-hidden=\"true\">\n\t\t\t\t\t\t\t\t\t\t\t\t\t\t\t<span class=\"elementor-toggle-icon-closed\"><i class=\"fas fa-caret-right\"><\/i><\/span>\n\t\t\t\t\t\t\t\t<span class=\"elementor-toggle-icon-opened\"><i class=\"elementor-toggle-icon-opened fas fa-caret-up\"><\/i><\/span>\n\t\t\t\t\t\t\t\t\t\t\t\t\t<\/span>\n\t\t\t\t\t\t\t\t\t\t\t\t<a class=\"elementor-toggle-title\" tabindex=\"0\">Sur quel exercice fiscal l\u2019attestation porte-t-elle ? <\/a>\n\t\t\t\t\t<\/div>\n\n\t\t\t\t\t<div id=\"elementor-tab-content-1195\" class=\"elementor-tab-content elementor-clearfix\" data-tab=\"5\" role=\"region\" aria-labelledby=\"elementor-tab-title-1195\"><p>L\u2019attestation fiscale porte sur les paiements (de minimum \u20ac 40 au total) que Enfants Du Monde Belgique a re\u00e7us dans le courant de l\u2019ann\u00e9e civile pr\u00e9c\u00e9dente.<\/p><p>Imaginons que vous avez fait un don le 28 d\u00e9cembre 2022, le paiement se trouve sur notre compte&#8230;<br \/>&#8230; au 31 d\u00e9cembre 2022 : vous recevez votre attestation d\u00e9but de l\u2019ann\u00e9e 2023.<br \/>&#8230; au 2 janvier 2023 : vous recevez votre attestation d\u00e9but de l\u2019ann\u00e9e 2024.<\/p><div id=\"ConnectiveDocSignExtentionInstalled\" data-extension-version=\"1.0.4\">\u00a0<\/div><\/div>\n\t\t\t\t<\/div>\n\t\t\t\t\t\t\t<div class=\"elementor-toggle-item\">\n\t\t\t\t\t<div id=\"elementor-tab-title-1196\" class=\"elementor-tab-title\" data-tab=\"6\" role=\"button\" aria-controls=\"elementor-tab-content-1196\" aria-expanded=\"false\">\n\t\t\t\t\t\t\t\t\t\t\t\t<span class=\"elementor-toggle-icon elementor-toggle-icon-left\" aria-hidden=\"true\">\n\t\t\t\t\t\t\t\t\t\t\t\t\t\t\t<span class=\"elementor-toggle-icon-closed\"><i class=\"fas fa-caret-right\"><\/i><\/span>\n\t\t\t\t\t\t\t\t<span class=\"elementor-toggle-icon-opened\"><i class=\"elementor-toggle-icon-opened fas fa-caret-up\"><\/i><\/span>\n\t\t\t\t\t\t\t\t\t\t\t\t\t<\/span>\n\t\t\t\t\t\t\t\t\t\t\t\t<a class=\"elementor-toggle-title\" tabindex=\"0\">O\u00f9 dois-je indiquer mon don sur ma d\u00e9claration d\u2019imp\u00f4t ? <\/a>\n\t\t\t\t\t<\/div>\n\n\t\t\t\t\t<div id=\"elementor-tab-content-1196\" class=\"elementor-tab-content elementor-clearfix\" data-tab=\"6\" role=\"region\" aria-labelledby=\"elementor-tab-title-1196\"><p>Vous devez indiquer le montant figurant sur votre attestation fiscale dans le cadre X, actuellement code 394 de votre d\u00e9claration d\u2019imp\u00f4t.<\/p><div id=\"ConnectiveDocSignExtentionInstalled\" data-extension-version=\"1.0.4\">\u00a0<\/div><\/div>\n\t\t\t\t<\/div>\n\t\t\t\t\t\t\t<div class=\"elementor-toggle-item\">\n\t\t\t\t\t<div id=\"elementor-tab-title-1197\" class=\"elementor-tab-title\" data-tab=\"7\" role=\"button\" aria-controls=\"elementor-tab-content-1197\" aria-expanded=\"false\">\n\t\t\t\t\t\t\t\t\t\t\t\t<span class=\"elementor-toggle-icon elementor-toggle-icon-left\" aria-hidden=\"true\">\n\t\t\t\t\t\t\t\t\t\t\t\t\t\t\t<span class=\"elementor-toggle-icon-closed\"><i class=\"fas fa-caret-right\"><\/i><\/span>\n\t\t\t\t\t\t\t\t<span class=\"elementor-toggle-icon-opened\"><i class=\"elementor-toggle-icon-opened fas fa-caret-up\"><\/i><\/span>\n\t\t\t\t\t\t\t\t\t\t\t\t\t<\/span>\n\t\t\t\t\t\t\t\t\t\t\t\t<a class=\"elementor-toggle-title\" tabindex=\"0\">Pourquoi est-il imp\u00e9ratif qu'EDM poss\u00e8de mon num\u00e9ro national ou mon num\u00e9ro d'entreprise ?<\/a>\n\t\t\t\t\t<\/div>\n\n\t\t\t\t\t<div id=\"elementor-tab-content-1197\" class=\"elementor-tab-content elementor-clearfix\" data-tab=\"7\" role=\"region\" aria-labelledby=\"elementor-tab-title-1197\"><p>Dans son courrier du 29.02.2024, le SPF Finances rappelle l\u2019obligation d\u2019indiquer, pour tous les dons re\u00e7us \u00e0 partir du 1 janvier 2024, le num\u00e9ro national ou le num\u00e9ro d&rsquo;entreprise du donateur.<\/p><p>Ainsi le service peut pr\u00e9-remplir la d\u00e9claration d\u2019imp\u00f4t ou la proposition de d\u00e9claration<br \/>simplifi\u00e9e du donateur afin qu\u2019il puisse b\u00e9n\u00e9ficier \u00ab automatiquement \u00bb de l\u2019avantage fiscal auquel il a droit.<\/p><p>Faute de conna\u00eetre votre num\u00e9ro national, EDM ne pourra PAS \u00e9tablir votre attestation fiscale !<\/p><div id=\"ConnectiveDocSignExtentionInstalled\" data-extension-version=\"1.0.4\">\u00a0<\/div><\/div>\n\t\t\t\t<\/div>\n\t\t\t\t\t\t\t<div class=\"elementor-toggle-item\">\n\t\t\t\t\t<div id=\"elementor-tab-title-1198\" class=\"elementor-tab-title\" data-tab=\"8\" role=\"button\" aria-controls=\"elementor-tab-content-1198\" aria-expanded=\"false\">\n\t\t\t\t\t\t\t\t\t\t\t\t<span class=\"elementor-toggle-icon elementor-toggle-icon-left\" aria-hidden=\"true\">\n\t\t\t\t\t\t\t\t\t\t\t\t\t\t\t<span class=\"elementor-toggle-icon-closed\"><i class=\"fas fa-caret-right\"><\/i><\/span>\n\t\t\t\t\t\t\t\t<span class=\"elementor-toggle-icon-opened\"><i class=\"elementor-toggle-icon-opened fas fa-caret-up\"><\/i><\/span>\n\t\t\t\t\t\t\t\t\t\t\t\t\t<\/span>\n\t\t\t\t\t\t\t\t\t\t\t\t<a class=\"elementor-toggle-title\" tabindex=\"0\">Que fait EDM avec mon num\u00e9ro national ?<\/a>\n\t\t\t\t\t<\/div>\n\n\t\t\t\t\t<div id=\"elementor-tab-content-1198\" class=\"elementor-tab-content elementor-clearfix\" data-tab=\"8\" role=\"region\" aria-labelledby=\"elementor-tab-title-1198\"><p>Ces donn\u00e9es personnelles sont confidentielles et peuvent <span style=\"text-decoration: underline;\">uniquement \u00eatre utilis\u00e9es \u00e0 des fins fiscales<\/span>. En effet, le Registre national a donn\u00e9 son autorisation pour la collecte de ces donn\u00e9es dans le seul but de l\u2019\u00e9tablissement de l\u2019attestation fiscale.<\/p><div id=\"ConnectiveDocSignExtentionInstalled\" data-extension-version=\"1.0.4\">\u00a0<\/div><\/div>\n\t\t\t\t<\/div>\n\t\t\t\t\t\t\t<div class=\"elementor-toggle-item\">\n\t\t\t\t\t<div id=\"elementor-tab-title-1199\" class=\"elementor-tab-title\" data-tab=\"9\" role=\"button\" aria-controls=\"elementor-tab-content-1199\" aria-expanded=\"false\">\n\t\t\t\t\t\t\t\t\t\t\t\t<span class=\"elementor-toggle-icon elementor-toggle-icon-left\" aria-hidden=\"true\">\n\t\t\t\t\t\t\t\t\t\t\t\t\t\t\t<span class=\"elementor-toggle-icon-closed\"><i class=\"fas fa-caret-right\"><\/i><\/span>\n\t\t\t\t\t\t\t\t<span class=\"elementor-toggle-icon-opened\"><i class=\"elementor-toggle-icon-opened fas fa-caret-up\"><\/i><\/span>\n\t\t\t\t\t\t\t\t\t\t\t\t\t<\/span>\n\t\t\t\t\t\t\t\t\t\t\t\t<a class=\"elementor-toggle-title\" tabindex=\"0\">Comment transmettre mon num\u00e9ro national ou num\u00e9ro d'entreprise ?<\/a>\n\t\t\t\t\t<\/div>\n\n\t\t\t\t\t<div id=\"elementor-tab-content-1199\" class=\"elementor-tab-content elementor-clearfix\" data-tab=\"9\" role=\"region\" aria-labelledby=\"elementor-tab-title-1199\"><p>Merci de contacter le tr\u00e9sorier : <a href=\"mailto:tresorier@enfantsdumonde.be\" target=\"_blank\" rel=\"noopener\">tresorier@enfantsdumonde.be<\/a><\/p><p>Ne jamais l\u2019indiquer dans la communication libre d\u2019un virement bancaire.<\/p><div id=\"ConnectiveDocSignExtentionInstalled\" data-extension-version=\"1.0.4\">\u00a0<\/div><\/div>\n\t\t\t\t<\/div>\n\t\t\t\t\t\t\t<div class=\"elementor-toggle-item\">\n\t\t\t\t\t<div id=\"elementor-tab-title-11910\" class=\"elementor-tab-title\" data-tab=\"10\" role=\"button\" aria-controls=\"elementor-tab-content-11910\" aria-expanded=\"false\">\n\t\t\t\t\t\t\t\t\t\t\t\t<span class=\"elementor-toggle-icon elementor-toggle-icon-left\" aria-hidden=\"true\">\n\t\t\t\t\t\t\t\t\t\t\t\t\t\t\t<span class=\"elementor-toggle-icon-closed\"><i class=\"fas fa-caret-right\"><\/i><\/span>\n\t\t\t\t\t\t\t\t<span class=\"elementor-toggle-icon-opened\"><i class=\"elementor-toggle-icon-opened fas fa-caret-up\"><\/i><\/span>\n\t\t\t\t\t\t\t\t\t\t\t\t\t<\/span>\n\t\t\t\t\t\t\t\t\t\t\t\t<a class=\"elementor-toggle-title\" tabindex=\"0\">J'organise un \u00e9v\u00e9nement ou un souper : puis-je verser le b\u00e9n\u00e9fice de cet \u00e9v\u00e9nement et b\u00e9n\u00e9ficier de la d\u00e9ductibilit\u00e9 fiscale ?<\/a>\n\t\t\t\t\t<\/div>\n\n\t\t\t\t\t<div id=\"elementor-tab-content-11910\" class=\"elementor-tab-content elementor-clearfix\" data-tab=\"10\" role=\"region\" aria-labelledby=\"elementor-tab-title-11910\"><p>Non, aucune attestation ne peut \u00eatre d\u00e9livr\u00e9e pour les versements qui repr\u00e9sentent le produit d&rsquo;une participation collective.<\/p><div id=\"ConnectiveDocSignExtentionInstalled\" data-extension-version=\"1.0.4\">\u00a0<\/div><\/div>\n\t\t\t\t<\/div>\n\t\t\t\t\t\t\t<div class=\"elementor-toggle-item\">\n\t\t\t\t\t<div id=\"elementor-tab-title-11911\" class=\"elementor-tab-title\" data-tab=\"11\" role=\"button\" aria-controls=\"elementor-tab-content-11911\" aria-expanded=\"false\">\n\t\t\t\t\t\t\t\t\t\t\t\t<span class=\"elementor-toggle-icon elementor-toggle-icon-left\" aria-hidden=\"true\">\n\t\t\t\t\t\t\t\t\t\t\t\t\t\t\t<span class=\"elementor-toggle-icon-closed\"><i class=\"fas fa-caret-right\"><\/i><\/span>\n\t\t\t\t\t\t\t\t<span class=\"elementor-toggle-icon-opened\"><i class=\"elementor-toggle-icon-opened fas fa-caret-up\"><\/i><\/span>\n\t\t\t\t\t\t\t\t\t\t\t\t\t<\/span>\n\t\t\t\t\t\t\t\t\t\t\t\t<a class=\"elementor-toggle-title\" tabindex=\"0\">Mon don ne se trouve pas dans Tax-on-Web. Pourquoi ? <\/a>\n\t\t\t\t\t<\/div>\n\n\t\t\t\t\t<div id=\"elementor-tab-content-11911\" class=\"elementor-tab-content elementor-clearfix\" data-tab=\"11\" role=\"region\" aria-labelledby=\"elementor-tab-title-11911\"><p>Avant le 1er mars, nous envoyons la liste des attestations fiscales au Service Public F\u00e9d\u00e9ral Finances.<\/p><p>Dans ce fichier, nous communiquons les coordonn\u00e9es de nos donatrices et donateurs, le <strong>num\u00e9ro national<\/strong>, le montant que chacune ou chacun a vers\u00e9 ainsi que le num\u00e9ro d\u2019attestation fiscale. Le syst\u00e8me du SPF Finances remplit \u00ab\u00a0automatiquement\u00a0\u00bb la d\u00e9claration \u00e9lectronique. Si une donatrice ou un donateur n\u2019est pas reconnue ou reconnu, alors le don n\u2019apparait pas dans Tax-on-Web.<\/p><p>Afin d\u2019assurer la reconnaissance de votre don, nous avons besoin de vos nom et pr\u00e9nom, de votre adresse compl\u00e8te (comme sur la carte d\u2019identit\u00e9) et de votre <strong>num\u00e9ro national <\/strong>(repris sur votre carte d&rsquo;identit\u00e9).<\/p><p>Faute de disposer de ces donn\u00e9es confidentielles, EDM ne peut PAS \u00e9tablir d&rsquo;attestation fiscale.<\/p><p>Pour les personnes morales, nous avons besoin de votre num\u00e9ro d\u2019entreprise ou num\u00e9ro de TVA.<\/p><p><strong>Attention :<\/strong> pour les femmes mari\u00e9es, il faut utiliser le nom de jeune fille (comme sur la carte d\u2019identit\u00e9).<\/p><div id=\"ConnectiveDocSignExtentionInstalled\" data-extension-version=\"1.0.4\">\u00a0<\/div><\/div>\n\t\t\t\t<\/div>\n\t\t\t\t\t\t\t<div class=\"elementor-toggle-item\">\n\t\t\t\t\t<div id=\"elementor-tab-title-11912\" class=\"elementor-tab-title\" data-tab=\"12\" role=\"button\" aria-controls=\"elementor-tab-content-11912\" aria-expanded=\"false\">\n\t\t\t\t\t\t\t\t\t\t\t\t<span class=\"elementor-toggle-icon elementor-toggle-icon-left\" aria-hidden=\"true\">\n\t\t\t\t\t\t\t\t\t\t\t\t\t\t\t<span class=\"elementor-toggle-icon-closed\"><i class=\"fas fa-caret-right\"><\/i><\/span>\n\t\t\t\t\t\t\t\t<span class=\"elementor-toggle-icon-opened\"><i class=\"elementor-toggle-icon-opened fas fa-caret-up\"><\/i><\/span>\n\t\t\t\t\t\t\t\t\t\t\t\t\t<\/span>\n\t\t\t\t\t\t\t\t\t\t\t\t<a class=\"elementor-toggle-title\" tabindex=\"0\">Est-ce que le montant de mon attestation est communiqu\u00e9 au SPF Finances ?<\/a>\n\t\t\t\t\t<\/div>\n\n\t\t\t\t\t<div id=\"elementor-tab-content-11912\" class=\"elementor-tab-content elementor-clearfix\" data-tab=\"12\" role=\"region\" aria-labelledby=\"elementor-tab-title-11912\"><p>Oui, Enfants Du Monde Belgique envoie aux autorit\u00e9s l\u2019ensemble des donn\u00e9es concernant les attestations fiscales et cela afin que votre don apparaisse dans Tax-on-Web. Quand vous remplirez votre d\u00e9claration, le montant repris sur votre attestation doit se trouver dans le cadre X, actuellement code 394\u00a0: Lib\u00e9ralit\u00e9s.<\/p><p>Il est toutefois possible qu\u2019il ne s\u2019y trouve pas, alors ajoutez-le, gardez pr\u00e9cieusement votre attestation et tenez-la \u00e0 disposition de l\u2019Administration des Finances.<\/p><div id=\"ConnectiveDocSignExtentionInstalled\" data-extension-version=\"1.0.4\">\u00a0<\/div><\/div>\n\t\t\t\t<\/div>\n\t\t\t\t\t\t\t<div class=\"elementor-toggle-item\">\n\t\t\t\t\t<div id=\"elementor-tab-title-11913\" class=\"elementor-tab-title\" data-tab=\"13\" role=\"button\" aria-controls=\"elementor-tab-content-11913\" aria-expanded=\"false\">\n\t\t\t\t\t\t\t\t\t\t\t\t<span class=\"elementor-toggle-icon elementor-toggle-icon-left\" aria-hidden=\"true\">\n\t\t\t\t\t\t\t\t\t\t\t\t\t\t\t<span class=\"elementor-toggle-icon-closed\"><i class=\"fas fa-caret-right\"><\/i><\/span>\n\t\t\t\t\t\t\t\t<span class=\"elementor-toggle-icon-opened\"><i class=\"elementor-toggle-icon-opened fas fa-caret-up\"><\/i><\/span>\n\t\t\t\t\t\t\t\t\t\t\t\t\t<\/span>\n\t\t\t\t\t\t\t\t\t\t\t\t<a class=\"elementor-toggle-title\" tabindex=\"0\">Il y a des erreurs sur mon attestation fiscale. Que dois-je faire ?<\/a>\n\t\t\t\t\t<\/div>\n\n\t\t\t\t\t<div id=\"elementor-tab-content-11913\" class=\"elementor-tab-content elementor-clearfix\" data-tab=\"13\" role=\"region\" aria-labelledby=\"elementor-tab-title-11913\"><p><strong>Quand ne devez-vous PAS nous renvoyer votre attestation fiscale ?<\/strong><\/p><p>Si l\u2019adresse qui figure sur votre attestation n\u2019est pas exacte, vous ne devez pas nous la renvoyer.<\/p><p>Vous pouvez la garder telle quelle pour votre d\u00e9claration d\u2019imp\u00f4t. Vous pouvez nous contacter via l\u2019adresse \u00e9lectronique\u00a0: <a href=\"mailto:tresorier@enfantsdumonde.be\">tresorier@enfantsdumonde.be<\/a> \u00a0pour que nous corrigions l\u2019information dans notre banque de donn\u00e9es.<\/p><p><strong>Quand DEVEZ-vous nous renvoyer votre attestation fiscale ?<\/strong><\/p><p>\u00a0Si le montant est inexact, vous devez renvoyer votre attestation \u00e0 Enfants Du Monde Belgique avant fin f\u00e9vrier. Nous vous demanderons de bien vouloir nous fournir en m\u00eame temps les informations suivantes, afin de mettre votre dossier en ordre le plus rapidement possible :<\/p><ul><li>Les montants exacts pay\u00e9s<\/li><li>La date \u00e0 laquelle l\u2019argent a \u00e9t\u00e9 d\u00e9bit\u00e9 de votre compte ;<\/li><li>Le num\u00e9ro de compte depuis lequel les dons ont \u00e9t\u00e9 vers\u00e9s.<\/li><\/ul><p><strong>S\u2019il y a une erreur dans votre nom,<\/strong> vous devez renvoyer votre attestation \u00e0 Enfants Du Monde Belgique avant fin f\u00e9vrier. Merci dans ce cas de nous communiquer les nom et pr\u00e9nom du titulaire du compte. En effet, l\u2019attestation fiscale doit \u00eatre libell\u00e9e au nom du titulaire du compte depuis lequel les dons ont \u00e9t\u00e9 vers\u00e9es.<\/p><p>D\u00e8s que nous disposons du montant exact et\/ou du nom correct, nous faisons le n\u00e9cessaire pour que vous receviez votre nouvelle attestation le plus rapidement possible et nous communiquons les changements au Service Public F\u00e9d\u00e9ral Finances.<\/p><div id=\"ConnectiveDocSignExtentionInstalled\" data-extension-version=\"1.0.4\">\u00a0<\/div><\/div>\n\t\t\t\t<\/div>\n\t\t\t\t\t\t\t<div class=\"elementor-toggle-item\">\n\t\t\t\t\t<div id=\"elementor-tab-title-11914\" class=\"elementor-tab-title\" data-tab=\"14\" role=\"button\" aria-controls=\"elementor-tab-content-11914\" aria-expanded=\"false\">\n\t\t\t\t\t\t\t\t\t\t\t\t<span class=\"elementor-toggle-icon elementor-toggle-icon-left\" aria-hidden=\"true\">\n\t\t\t\t\t\t\t\t\t\t\t\t\t\t\t<span class=\"elementor-toggle-icon-closed\"><i class=\"fas fa-caret-right\"><\/i><\/span>\n\t\t\t\t\t\t\t\t<span class=\"elementor-toggle-icon-opened\"><i class=\"elementor-toggle-icon-opened fas fa-caret-up\"><\/i><\/span>\n\t\t\t\t\t\t\t\t\t\t\t\t\t<\/span>\n\t\t\t\t\t\t\t\t\t\t\t\t<a class=\"elementor-toggle-title\" tabindex=\"0\">Puis-je verser mon paiement d'un achat quelconque \u00e0 une association et b\u00e9n\u00e9ficier de la d\u00e9ductibilit\u00e9 fiscale (ex. livre, etc) ?<\/a>\n\t\t\t\t\t<\/div>\n\n\t\t\t\t\t<div id=\"elementor-tab-content-11914\" class=\"elementor-tab-content elementor-clearfix\" data-tab=\"14\" role=\"region\" aria-labelledby=\"elementor-tab-title-11914\"><p>Non, les sommes vers\u00e9es dans ce cas ne b\u00e9n\u00e9ficient aucunement de la d\u00e9ductibilit\u00e9.<\/p><div id=\"ConnectiveDocSignExtentionInstalled\" data-extension-version=\"1.0.4\">\u00a0<\/div><\/div>\n\t\t\t\t<\/div>\n\t\t\t\t\t\t\t\t<\/div>\n\t\t\t\t\t\t<\/div>\n\t\t\t\t<\/div>\n\t\t\t\t<div class=\"elementor-element elementor-element-d0ee36e elementor-widget elementor-widget-text-editor\" data-id=\"d0ee36e\" data-element_type=\"widget\" data-e-type=\"widget\" data-widget_type=\"text-editor.default\">\n\t\t\t\t<div class=\"elementor-widget-container\">\n\t\t\t\t\t\t\t\t\t<div id=\"ConnectiveDocSignExtentionInstalled\" data-extension-version=\"1.0.4\"><p>Pour toute autre question, vous pouvez nous contacter \u00e0 l\u2019adresse \u00e9lectronique\u00a0: <a href=\"mailto:tresorier@enfantsdumonde.be\">tresorier@enfantsdumonde.be<\/a><\/p><\/div>\t\t\t\t\t\t\t\t<\/div>\n\t\t\t\t<\/div>\n\t\t\t\t\t<\/div>\n\t\t<\/div>\n\t\t\t\t\t<\/div>\n\t\t<\/section>\n\t\t\t\t<\/div>\n\t\t","protected":false},"excerpt":{"rendered":"<p>Vos dons Quels sont les frais retenus par EDM ? \u201cUn euro vers\u00e9 est un euro envoy\u00e9\u201d ! Enfants du Monde est fier de tenir ce \u201cslogan\u201d depuis plus de 40 ans.\u00a0 Tous les membres d\u2019EDM sont b\u00e9n\u00e9voles \u2026\u00a0 Il n\u2019y a pas de faux frais ! Votre aide va donc int\u00e9gralement aux \u201cmaisons\u201d et [&hellip;]<\/p>\n","protected":false},"author":5,"featured_media":0,"parent":0,"menu_order":0,"comment_status":"closed","ping_status":"closed","template":"","meta":{"ocean_post_layout":"","ocean_both_sidebars_style":"","ocean_both_sidebars_content_width":0,"ocean_both_sidebars_sidebars_width":0,"ocean_sidebar":"","ocean_second_sidebar":"","ocean_disable_margins":"enable","ocean_add_body_class":"","ocean_shortcode_before_top_bar":"","ocean_shortcode_after_top_bar":"","ocean_shortcode_before_header":"","ocean_shortcode_after_header":"","ocean_has_shortcode":"","ocean_shortcode_after_title":"","ocean_shortcode_before_footer_widgets":"","ocean_shortcode_after_footer_widgets":"","ocean_shortcode_before_footer_bottom":"","ocean_shortcode_after_footer_bottom":"","ocean_display_top_bar":"default","ocean_display_header":"default","ocean_header_style":"","ocean_center_header_left_menu":"","ocean_custom_header_template":"","ocean_custom_logo":0,"ocean_custom_retina_logo":0,"ocean_custom_logo_max_width":0,"ocean_custom_logo_tablet_max_width":0,"ocean_custom_logo_mobile_max_width":0,"ocean_custom_logo_max_height":0,"ocean_custom_logo_tablet_max_height":0,"ocean_custom_logo_mobile_max_height":0,"ocean_header_custom_menu":"","ocean_menu_typo_font_family":"","ocean_menu_typo_font_subset":"","ocean_menu_typo_font_size":0,"ocean_menu_typo_font_size_tablet":0,"ocean_menu_typo_font_size_mobile":0,"ocean_menu_typo_font_size_unit":"px","ocean_menu_typo_font_weight":"","ocean_menu_typo_font_weight_tablet":"","ocean_menu_typo_font_weight_mobile":"","ocean_menu_typo_transform":"","ocean_menu_typo_transform_tablet":"","ocean_menu_typo_transform_mobile":"","ocean_menu_typo_line_height":0,"ocean_menu_typo_line_height_tablet":0,"ocean_menu_typo_line_height_mobile":0,"ocean_menu_typo_line_height_unit":"","ocean_menu_typo_spacing":0,"ocean_menu_typo_spacing_tablet":0,"ocean_menu_typo_spacing_mobile":0,"ocean_menu_typo_spacing_unit":"","ocean_menu_link_color":"","ocean_menu_link_color_hover":"","ocean_menu_link_color_active":"","ocean_menu_link_background":"","ocean_menu_link_hover_background":"","ocean_menu_link_active_background":"","ocean_menu_social_links_bg":"","ocean_menu_social_hover_links_bg":"","ocean_menu_social_links_color":"","ocean_menu_social_hover_links_color":"","ocean_disable_title":"default","ocean_disable_heading":"default","ocean_post_title":"","ocean_post_subheading":"","ocean_post_title_style":"","ocean_post_title_background_color":"","ocean_post_title_background":0,"ocean_post_title_bg_image_position":"","ocean_post_title_bg_image_attachment":"","ocean_post_title_bg_image_repeat":"","ocean_post_title_bg_image_size":"","ocean_post_title_height":0,"ocean_post_title_bg_overlay":0.5,"ocean_post_title_bg_overlay_color":"","ocean_disable_breadcrumbs":"default","ocean_breadcrumbs_color":"","ocean_breadcrumbs_separator_color":"","ocean_breadcrumbs_links_color":"","ocean_breadcrumbs_links_hover_color":"","ocean_display_footer_widgets":"default","ocean_display_footer_bottom":"default","ocean_custom_footer_template":"","_mc_calendar":[],"footnotes":""},"class_list":["post-8266","page","type-page","status-publish","hentry","entry"],"aioseo_notices":[],"_links":{"self":[{"href":"https:\/\/enfantsdumonde.be\/test\/wp-json\/wp\/v2\/pages\/8266","targetHints":{"allow":["GET"]}}],"collection":[{"href":"https:\/\/enfantsdumonde.be\/test\/wp-json\/wp\/v2\/pages"}],"about":[{"href":"https:\/\/enfantsdumonde.be\/test\/wp-json\/wp\/v2\/types\/page"}],"author":[{"embeddable":true,"href":"https:\/\/enfantsdumonde.be\/test\/wp-json\/wp\/v2\/users\/5"}],"replies":[{"embeddable":true,"href":"https:\/\/enfantsdumonde.be\/test\/wp-json\/wp\/v2\/comments?post=8266"}],"version-history":[{"count":5,"href":"https:\/\/enfantsdumonde.be\/test\/wp-json\/wp\/v2\/pages\/8266\/revisions"}],"predecessor-version":[{"id":12177,"href":"https:\/\/enfantsdumonde.be\/test\/wp-json\/wp\/v2\/pages\/8266\/revisions\/12177"}],"wp:attachment":[{"href":"https:\/\/enfantsdumonde.be\/test\/wp-json\/wp\/v2\/media?parent=8266"}],"curies":[{"name":"wp","href":"https:\/\/api.w.org\/{rel}","templated":true}]}}